{"id":149267,"date":"2025-03-13T09:09:31","date_gmt":"2025-03-13T08:09:31","guid":{"rendered":"https:\/\/menorcasa.com\/villas\/villas-con-terraza\/"},"modified":"2025-03-13T14:08:05","modified_gmt":"2025-03-13T13:08:05","slug":"villas-con-terraza","status":"publish","type":"page","link":"https:\/\/menorcasa.com\/es\/villas\/villas-con-terraza\/","title":{"rendered":"Villas con terraza"},"content":{"rendered":"\t\t<div data-elementor-type=\"wp-page\" data-elementor-id=\"149267\" class=\"elementor elementor-149267 elementor-149262\" data-elementor-post-type=\"page\">\n\t\t\t\t\t\t<section class=\"elementor-section elementor-top-section elementor-element elementor-element-4c01df7d elementor-section-full_width elementor-section-height-min-height elementor-section-height-default elementor-section-items-middle\" data-id=\"4c01df7d\" data-element_type=\"section\" data-settings=\"{&quot;background_background&quot;:&quot;classic&quot;}\">\n\t\t\t\t\t\t\t<div class=\"elementor-background-overlay\"><\/div>\n\t\t\t\t\t\t\t<div class=\"elementor-container elementor-column-gap-no\">\n\t\t\t\t\t<div class=\"elementor-column elementor-col-100 elementor-top-column elementor-element elementor-element-2d7f1936\" data-id=\"2d7f1936\" data-element_type=\"column\">\n\t\t\t<div class=\"elementor-widget-wrap elementor-element-populated\">\n\t\t\t\t\t\t<section class=\"elementor-section elementor-inner-section elementor-element elementor-element-9d891e2 elementor-section-boxed elementor-section-height-default elementor-section-height-default\" data-id=\"9d891e2\" data-element_type=\"section\">\n\t\t\t\t\t\t<div class=\"elementor-container elementor-column-gap-default\">\n\t\t\t\t\t<div class=\"elementor-column elementor-col-100 elementor-inner-column elementor-element elementor-element-6e628380\" data-id=\"6e628380\" data-element_type=\"column\">\n\t\t\t<div class=\"elementor-widget-wrap elementor-element-populated\">\n\t\t\t\t\t\t<div class=\"elementor-element elementor-element-5b50058e elementor-widget elementor-widget-heading\" data-id=\"5b50058e\" data-element_type=\"widget\" data-widget_type=\"heading.default\">\n\t\t\t\t<div class=\"elementor-widget-container\">\n\t\t\t\t\t<h1 class=\"elementor-heading-title elementor-size-default\">Villas en venta en Menorca con terraza<\/h1>\t\t\t\t<\/div>\n\t\t\t\t<\/div>\n\t\t\t\t\t<\/div>\n\t\t<\/div>\n\t\t\t\t\t<\/div>\n\t\t<\/section>\n\t\t\t\t\t<\/div>\n\t\t<\/div>\n\t\t\t\t\t<\/div>\n\t\t<\/section>\n\t\t\t\t<section class=\"elementor-section elementor-top-section elementor-element elementor-element-36af22a1 elementor-section-boxed elementor-section-height-default elementor-section-height-default\" data-id=\"36af22a1\" data-element_type=\"section\" data-settings=\"{&quot;background_background&quot;:&quot;classic&quot;}\">\n\t\t\t\t\t\t<div class=\"elementor-container elementor-column-gap-default\">\n\t\t\t\t\t<div class=\"elementor-column elementor-col-100 elementor-top-column elementor-element elementor-element-106a7074\" data-id=\"106a7074\" data-element_type=\"column\">\n\t\t\t<div class=\"elementor-widget-wrap elementor-element-populated\">\n\t\t\t\t\t\t<div class=\"elementor-element elementor-element-5ec2b17 elementor-widget elementor-widget-shortcode\" data-id=\"5ec2b17\" data-element_type=\"widget\" data-widget_type=\"shortcode.default\">\n\t\t\t\t<div class=\"elementor-widget-container\">\n\t\t\t\t\t\t\t<div class=\"elementor-shortcode\"><span><span><a href=\"https:\/\/menorcasa.com\/es\/\">Propiedades en Venta en Menorca<\/a><\/span><\/span><\/div>\n\t\t\t\t\t\t<\/div>\n\t\t\t\t<\/div>\n\t\t\t\t<div class=\"elementor-element elementor-element-17629005 elementor-widget elementor-widget-rhea-properties-widget\" data-id=\"17629005\" data-element_type=\"widget\" data-widget_type=\"rhea-properties-widget.default\">\n\t\t\t\t<div class=\"elementor-widget-container\">\n\t\t\t\t\t        <section id=\"rh-17629005\" class=\"rh_elementor_widget rh_latest-properties rhea_properties_default rhea_ele_property_ajax_target rhea_latest_properties_ajax elementor_properties_grid elementor_property_card_parent rhea_has_tooltip\">\n            \n<div class=\"container-latest-properties\">\n    <div class=\"wrapper-section-contents\">\n        <div class=\"home-properties-section-inner home-properties-section-inner-target\">\n\t\t\t                <div class=\"rh_properties_element rh_properties_pagination_append\">\n\t\t\t\t                    <div class=\"wrapper_properties_ele\">\n\n                        <article class=\"rh_prop_card_elementor\">\n\n                            <div class=\"rh_prop_card__wrap\">\n\n\t\t\t\t\t\t\t\t\n                                <figure class=\"rh_prop_card__thumbnail\">\n                                    <div class=\"rhea_figure_property_one\">\n                                        <div class=\"rhea_top_tags_box\">\n\t                                                                            <\/div>\n                                        <a href=\"https:\/\/menorcasa.com\/es\/property\/stunning-detached-villa-in-binixica-mahon\/\">\n\t\t\t\t\t\t\t\t\t\t\t<img fetchpriority=\"high\" decoding=\"async\" width=\"488\" height=\"326\" src=\"https:\/\/menorcasa.com\/wp-content\/uploads\/2023\/04\/Binixica-26-488x326.jpg\" class=\"attachment-property-thumb-image size-property-thumb-image wp-post-image\" alt=\"stunning-detached-villa-in-binixica-mahon\" srcset=\"https:\/\/menorcasa.com\/wp-content\/uploads\/2023\/04\/Binixica-26-488x326.jpg 488w, https:\/\/menorcasa.com\/wp-content\/uploads\/2023\/04\/Binixica-26-600x400.jpg 600w, https:\/\/menorcasa.com\/wp-content\/uploads\/2023\/04\/Binixica-26-500x333.jpg 500w, https:\/\/menorcasa.com\/wp-content\/uploads\/2023\/04\/Binixica-26-768x512.jpg 768w, https:\/\/menorcasa.com\/wp-content\/uploads\/2023\/04\/Binixica-26-150x100.jpg 150w, https:\/\/menorcasa.com\/wp-content\/uploads\/2023\/04\/Binixica-26.jpg 870w\" sizes=\"(max-width: 488px) 100vw, 488px\" \/>                                        <\/a>\n\n                                        <div class=\"rh_overlay\"><\/div>\n                                        <div class=\"rh_overlay__contents rh_overlay__fadeIn-bottom\">\n                                            <a href=\"https:\/\/menorcasa.com\/es\/property\/stunning-detached-villa-in-binixica-mahon\/\">Ver la Propiedad                                            <\/a>\n                                        <\/div>\n\t\t\t\t\t\t\t\t\t\t\n                                    <\/div>\n\n                                    <div class=\"rh_prop_card__btns\">\n\t\t\t\t\t\t\t\t\t\t                                    <\/div>\n                                <\/figure>\n\n                                <div class=\"rh_prop_card__details_elementor\">\n\n                                    <h3><a href=\"https:\/\/menorcasa.com\/es\/property\/stunning-detached-villa-in-binixica-mahon\/\">Encantadora vivienda unifamiliar en  Binixica, Mahon<\/a><\/h3>\n\n\t\t\t\t\t\t\t\t\t\n                                        <p class=\"rh_prop_card__excerpt\">AMPLIA PROPIEDAD CON ANEXO PARA INVITADOS &nbsp; &nbsp;<\/p>\n\n\t\t\t\t\t\t\t\t\t\t\n                                    <div class=\"rh_prop_card__meta_wrap_elementor\">\n\n\t\t\t\t\t\t\t\t\t\t\n\n\t<div class=\"rh_prop_card_meta_wrap_stylish\">\n\t\t            <div class=\"rh_prop_card__meta\">\n\t\t\t\t                    <span class=\"rhea_meta_titles\">Habitaciones<\/span>\n\t\t\t\t\t                <div class=\"rhea_meta_icon_wrapper\">\n\t\t\t\t\t<svg class=\"rh_svg\" xmlns=\"http:\/\/www.w3.org\/2000\/svg\" width=\"24\" height=\"24\" viewBox=\"0 0 24 24\">\n <defs>\n  <\/defs>\n  <path d=\"M1111.91,600.993h16.17a2.635,2.635,0,0,1,2.68,1.773l1.21,11.358a2.456,2.456,0,0,1-2.61,2.875h-18.73a2.46,2.46,0,0,1-2.61-2.875l1.21-11.358A2.635,2.635,0,0,1,1111.91,600.993Zm0.66-7.994h3.86c1.09,0,2.57.135,2.57,1l0.01,3.463c0.14,0.838-1.72,1.539-2.93,1.539h-4.17c-1.21,0-2.07-.7-1.92-1.539l0.37-3.139A2.146,2.146,0,0,1,1112.57,593Zm11,0h3.86a2.123,2.123,0,0,1,2.2,1.325l0.38,3.139c0.14,0.838-.72,1.539-1.93,1.539h-5.17c-1.21,0-2.07-.7-1.92-1.539L1121,594C1121,593.1,1122.48,593,1123.57,593Z\" transform=\"translate(-1108 -593)\"\/>\n<\/svg>\n                    <span class=\"figure\">7<\/span>\n\t\t\t\t\t                <\/div>\n            <\/div>\n\t\t\t            <div class=\"rh_prop_card__meta\">\n\t\t\t\t                    <span class=\"rhea_meta_titles\">Area<\/span>\n\t\t\t\t\t                <div class=\"rhea_meta_icon_wrapper\">\n\t\t\t\t\t<svg class=\"rh_svg\" version=\"1.1\" xmlns=\"http:\/\/www.w3.org\/2000\/svg\" xmlns:xlink=\"http:\/\/www.w3.org\/1999\/xlink\" x=\"0px\" y=\"0px\"\n\t width=\"24px\" height=\"24px\" viewBox=\"0 0 24 24\" enable-background=\"new 0 0 24 24\" xml:space=\"preserve\">\n<g>\n\t<circle cx=\"2\" cy=\"2\" r=\"2\"\/>\n<\/g>\n<g>\n\t<circle cx=\"2\" cy=\"22\" r=\"2\"\/>\n<\/g>\n<g>\n\t<circle cx=\"22\" cy=\"2\" r=\"2\"\/>\n<\/g>\n<rect x=\"1\" y=\"1\" width=\"2\" height=\"22\"\/>\n<rect x=\"1\" y=\"1\" width=\"22\" height=\"2\"\/>\n<path opacity=\"0.5\" d=\"M23,20.277V1h-2v19.277C20.7,20.452,20.452,20.7,20.277,21H1v2h19.277c0.347,0.596,0.984,1,1.723,1\n\tc1.104,0,2-0.896,2-2C24,21.262,23.596,20.624,23,20.277z\"\/>\n<\/svg>\n                    <span class=\"figure\">958<\/span>\n\t\t\t\t\t                        <span class=\"label\">mts2<\/span>\n\t\t\t\t\t                <\/div>\n            <\/div>\n\t\t\t\t<\/div>\n\t\n\n\n\n\n                                    <\/div>\n\n                                    <div class=\"rh_prop_card__priceLabel \">\n                                        <div class=\"rhea_property_price_box\">\n                                            <span class=\"rh_prop_card__status\">\n                                                VENTA, VENTAS                                            <\/span>\n                                            <p class=\"rh_prop_card__price\">\n\t\t\t\t\t\t\t\t\t\t\t\t 1,975,000\u20ac                                             <\/p>\n\n                                        <\/div>\n\t\t\t\t\t\t\t\t\t\t                                    <\/div>\n\n                                <\/div>\n\n                            <\/div>\n\n                        <\/article>\n\n                    <\/div>\n\t\t\t\t\t                    <div class=\"wrapper_properties_ele\">\n\n                        <article class=\"rh_prop_card_elementor\">\n\n                            <div class=\"rh_prop_card__wrap\">\n\n\t\t\t\t\t\t\t\t\n                                <figure class=\"rh_prop_card__thumbnail\">\n                                    <div class=\"rhea_figure_property_one\">\n                                        <div class=\"rhea_top_tags_box\">\n\t                                                                            <\/div>\n                                        <a href=\"https:\/\/menorcasa.com\/es\/property\/\">\n\t\t\t\t\t\t\t\t\t\t\t<img decoding=\"async\" width=\"488\" height=\"326\" src=\"https:\/\/menorcasa.com\/wp-content\/uploads\/2026\/02\/Picture-85486886-1-2-488x326.jpg\" class=\"attachment-property-thumb-image size-property-thumb-image wp-post-image\" alt=\"\" srcset=\"https:\/\/menorcasa.com\/wp-content\/uploads\/2026\/02\/Picture-85486886-1-2-488x326.jpg 488w, https:\/\/menorcasa.com\/wp-content\/uploads\/2026\/02\/Picture-85486886-1-2-500x334.jpg 500w, https:\/\/menorcasa.com\/wp-content\/uploads\/2026\/02\/Picture-85486886-1-2-768x514.jpg 768w, https:\/\/menorcasa.com\/wp-content\/uploads\/2026\/02\/Picture-85486886-1-2-150x100.jpg 150w, https:\/\/menorcasa.com\/wp-content\/uploads\/2026\/02\/Picture-85486886-1-2.jpg 1024w\" sizes=\"(max-width: 488px) 100vw, 488px\" \/>                                        <\/a>\n\n                                        <div class=\"rh_overlay\"><\/div>\n                                        <div class=\"rh_overlay__contents rh_overlay__fadeIn-bottom\">\n                                            <a href=\"https:\/\/menorcasa.com\/es\/property\/\">Ver la Propiedad                                            <\/a>\n                                        <\/div>\n\t\t\t\t\t\t\t\t\t\t\n                                    <\/div>\n\n                                    <div class=\"rh_prop_card__btns\">\n\t\t\t\t\t\t\t\t\t\t                                    <\/div>\n                                <\/figure>\n\n                                <div class=\"rh_prop_card__details_elementor\">\n\n                                    <h3><a href=\"https:\/\/menorcasa.com\/es\/property\/\">Chalet unifamiliar con vistas al mar en Binisafuller<\/a><\/h3>\n\n\t\t\t\t\t\t\t\t\t\n                                        <p class=\"rh_prop_card__excerpt\">PROPIEDAD DE 3 DORMITORIOS CON LICENCIA TUR\u00cdSTICA Preciosa villa de&hellip;<\/p>\n\n\t\t\t\t\t\t\t\t\t\t\n                                    <div class=\"rh_prop_card__meta_wrap_elementor\">\n\n\t\t\t\t\t\t\t\t\t\t\n\n\t<div class=\"rh_prop_card_meta_wrap_stylish\">\n\t\t            <div class=\"rh_prop_card__meta\">\n\t\t\t\t                    <span class=\"rhea_meta_titles\">Habitaciones<\/span>\n\t\t\t\t\t                <div class=\"rhea_meta_icon_wrapper\">\n\t\t\t\t\t<svg class=\"rh_svg\" xmlns=\"http:\/\/www.w3.org\/2000\/svg\" width=\"24\" height=\"24\" viewBox=\"0 0 24 24\">\n <defs>\n  <\/defs>\n  <path d=\"M1111.91,600.993h16.17a2.635,2.635,0,0,1,2.68,1.773l1.21,11.358a2.456,2.456,0,0,1-2.61,2.875h-18.73a2.46,2.46,0,0,1-2.61-2.875l1.21-11.358A2.635,2.635,0,0,1,1111.91,600.993Zm0.66-7.994h3.86c1.09,0,2.57.135,2.57,1l0.01,3.463c0.14,0.838-1.72,1.539-2.93,1.539h-4.17c-1.21,0-2.07-.7-1.92-1.539l0.37-3.139A2.146,2.146,0,0,1,1112.57,593Zm11,0h3.86a2.123,2.123,0,0,1,2.2,1.325l0.38,3.139c0.14,0.838-.72,1.539-1.93,1.539h-5.17c-1.21,0-2.07-.7-1.92-1.539L1121,594C1121,593.1,1122.48,593,1123.57,593Z\" transform=\"translate(-1108 -593)\"\/>\n<\/svg>\n                    <span class=\"figure\">3<\/span>\n\t\t\t\t\t                <\/div>\n            <\/div>\n\t\t\t            <div class=\"rh_prop_card__meta\">\n\t\t\t\t                    <span class=\"rhea_meta_titles\">Ba\u00f1os<\/span>\n\t\t\t\t\t                <div class=\"rhea_meta_icon_wrapper\">\n\t\t\t\t\t<svg class=\"rh_svg\" xmlns=\"http:\/\/www.w3.org\/2000\/svg\" width=\"23.69\" height=\"24\" viewBox=\"0 0 23.69 24\">\n  <path d=\"M1204,601a8,8,0,0,1,16,0v16h-2V601a6,6,0,0,0-12,0v1h-2v-1Zm7,6a6,6,0,0,0-12,0h12Zm-6,2a1,1,0,0,1,1,1v1a1,1,0,0,1-2,0v-1A1,1,0,0,1,1205,609Zm0,5a1,1,0,0,1,1,1v1a1,1,0,0,1-2,0v-1A1,1,0,0,1,1205,614Zm4.94-5.343a1,1,0,0,1,1.28.6l0.69,0.878a1,1,0,0,1-1.88.685l-0.69-.879A1,1,0,0,1,1209.94,608.657Zm2.05,4.638a1,1,0,0,1,1.28.6l0.35,0.94a1.008,1.008,0,0,1-.6,1.282,1,1,0,0,1-1.28-.6l-0.35-.939A1.008,1.008,0,0,1,1211.99,613.295Zm-11.93-4.638a1,1,0,0,1,.6,1.282l-0.69.879a1,1,0,1,1-1.87-.682l0.68-.88A1,1,0,0,1,1200.06,608.657Zm-2.05,4.639a1,1,0,0,1,.6,1.281l-0.34.941a1,1,0,0,1-1.88-.683l0.34-.94A1,1,0,0,1,1198.01,613.3Z\" transform=\"translate(-1196.31 -593)\"\/>\n<\/svg>\n                    <span class=\"figure\">2<\/span>\n\t\t\t\t\t                <\/div>\n            <\/div>\n\t\t\t            <div class=\"rh_prop_card__meta\">\n\t\t\t\t                    <span class=\"rhea_meta_titles\">Area<\/span>\n\t\t\t\t\t                <div class=\"rhea_meta_icon_wrapper\">\n\t\t\t\t\t<svg class=\"rh_svg\" version=\"1.1\" xmlns=\"http:\/\/www.w3.org\/2000\/svg\" xmlns:xlink=\"http:\/\/www.w3.org\/1999\/xlink\" x=\"0px\" y=\"0px\"\n\t width=\"24px\" height=\"24px\" viewBox=\"0 0 24 24\" enable-background=\"new 0 0 24 24\" xml:space=\"preserve\">\n<g>\n\t<circle cx=\"2\" cy=\"2\" r=\"2\"\/>\n<\/g>\n<g>\n\t<circle cx=\"2\" cy=\"22\" r=\"2\"\/>\n<\/g>\n<g>\n\t<circle cx=\"22\" cy=\"2\" r=\"2\"\/>\n<\/g>\n<rect x=\"1\" y=\"1\" width=\"2\" height=\"22\"\/>\n<rect x=\"1\" y=\"1\" width=\"22\" height=\"2\"\/>\n<path opacity=\"0.5\" d=\"M23,20.277V1h-2v19.277C20.7,20.452,20.452,20.7,20.277,21H1v2h19.277c0.347,0.596,0.984,1,1.723,1\n\tc1.104,0,2-0.896,2-2C24,21.262,23.596,20.624,23,20.277z\"\/>\n<\/svg>\n                    <span class=\"figure\">224<\/span>\n\t\t\t\t\t                        <span class=\"label\">m2<\/span>\n\t\t\t\t\t                <\/div>\n            <\/div>\n\t\t\t\t<\/div>\n\t\n\n\n\n\n                                    <\/div>\n\n                                    <div class=\"rh_prop_card__priceLabel \">\n                                        <div class=\"rhea_property_price_box\">\n                                            <span class=\"rh_prop_card__status\">\n                                                VENTA                                            <\/span>\n                                            <p class=\"rh_prop_card__price\">\n\t\t\t\t\t\t\t\t\t\t\t\t 1,785,000\u20ac                                             <\/p>\n\n                                        <\/div>\n\t\t\t\t\t\t\t\t\t\t                                    <\/div>\n\n                                <\/div>\n\n                            <\/div>\n\n                        <\/article>\n\n                    <\/div>\n\t\t\t\t\t                    <div class=\"wrapper_properties_ele\">\n\n                        <article class=\"rh_prop_card_elementor\">\n\n                            <div class=\"rh_prop_card__wrap\">\n\n\t\t\t\t\t\t\t\t\n                                <figure class=\"rh_prop_card__thumbnail\">\n                                    <div class=\"rhea_figure_property_one\">\n                                        <div class=\"rhea_top_tags_box\">\n\t                                                                            <\/div>\n                                        <a href=\"https:\/\/menorcasa.com\/es\/property\/detached-front-line-villa-in-cala-llonga\/\">\n\t\t\t\t\t\t\t\t\t\t\t<img decoding=\"async\" width=\"488\" height=\"326\" src=\"https:\/\/menorcasa.com\/wp-content\/uploads\/2025\/06\/Cala-Llonga-50-488x326.jpg\" class=\"attachment-property-thumb-image size-property-thumb-image wp-post-image\" alt=\"\" srcset=\"https:\/\/menorcasa.com\/wp-content\/uploads\/2025\/06\/Cala-Llonga-50-488x326.jpg 488w, https:\/\/menorcasa.com\/wp-content\/uploads\/2025\/06\/Cala-Llonga-50-500x333.jpg 500w, https:\/\/menorcasa.com\/wp-content\/uploads\/2025\/06\/Cala-Llonga-50-768x512.jpg 768w, https:\/\/menorcasa.com\/wp-content\/uploads\/2025\/06\/Cala-Llonga-50-150x100.jpg 150w, https:\/\/menorcasa.com\/wp-content\/uploads\/2025\/06\/Cala-Llonga-50.jpg 870w\" sizes=\"(max-width: 488px) 100vw, 488px\" \/>                                        <\/a>\n\n                                        <div class=\"rh_overlay\"><\/div>\n                                        <div class=\"rh_overlay__contents rh_overlay__fadeIn-bottom\">\n                                            <a href=\"https:\/\/menorcasa.com\/es\/property\/detached-front-line-villa-in-cala-llonga\/\">Ver la Propiedad                                            <\/a>\n                                        <\/div>\n\t\t\t\t\t\t\t\t\t\t\n                                    <\/div>\n\n                                    <div class=\"rh_prop_card__btns\">\n\t\t\t\t\t\t\t\t\t\t                                    <\/div>\n                                <\/figure>\n\n                                <div class=\"rh_prop_card__details_elementor\">\n\n                                    <h3><a href=\"https:\/\/menorcasa.com\/es\/property\/detached-front-line-villa-in-cala-llonga\/\">Chalet unifamiliar en primera l\u00ednea en  Cala Llonga<\/a><\/h3>\n\n\t\t\t\t\t\t\t\t\t\n                                        <p class=\"rh_prop_card__excerpt\">PRECIOSA VILLA CON VISTAS AL MAR Y LICENCIA TUR\u00cdSTICA Esta&hellip;<\/p>\n\n\t\t\t\t\t\t\t\t\t\t\n                                    <div class=\"rh_prop_card__meta_wrap_elementor\">\n\n\t\t\t\t\t\t\t\t\t\t\n\n\t<div class=\"rh_prop_card_meta_wrap_stylish\">\n\t\t            <div class=\"rh_prop_card__meta\">\n\t\t\t\t                    <span class=\"rhea_meta_titles\">Habitaciones<\/span>\n\t\t\t\t\t                <div class=\"rhea_meta_icon_wrapper\">\n\t\t\t\t\t<svg class=\"rh_svg\" xmlns=\"http:\/\/www.w3.org\/2000\/svg\" width=\"24\" height=\"24\" viewBox=\"0 0 24 24\">\n <defs>\n  <\/defs>\n  <path d=\"M1111.91,600.993h16.17a2.635,2.635,0,0,1,2.68,1.773l1.21,11.358a2.456,2.456,0,0,1-2.61,2.875h-18.73a2.46,2.46,0,0,1-2.61-2.875l1.21-11.358A2.635,2.635,0,0,1,1111.91,600.993Zm0.66-7.994h3.86c1.09,0,2.57.135,2.57,1l0.01,3.463c0.14,0.838-1.72,1.539-2.93,1.539h-4.17c-1.21,0-2.07-.7-1.92-1.539l0.37-3.139A2.146,2.146,0,0,1,1112.57,593Zm11,0h3.86a2.123,2.123,0,0,1,2.2,1.325l0.38,3.139c0.14,0.838-.72,1.539-1.93,1.539h-5.17c-1.21,0-2.07-.7-1.92-1.539L1121,594C1121,593.1,1122.48,593,1123.57,593Z\" transform=\"translate(-1108 -593)\"\/>\n<\/svg>\n                    <span class=\"figure\">5<\/span>\n\t\t\t\t\t                <\/div>\n            <\/div>\n\t\t\t            <div class=\"rh_prop_card__meta\">\n\t\t\t\t                    <span class=\"rhea_meta_titles\">Ba\u00f1os<\/span>\n\t\t\t\t\t                <div class=\"rhea_meta_icon_wrapper\">\n\t\t\t\t\t<svg class=\"rh_svg\" xmlns=\"http:\/\/www.w3.org\/2000\/svg\" width=\"23.69\" height=\"24\" viewBox=\"0 0 23.69 24\">\n  <path d=\"M1204,601a8,8,0,0,1,16,0v16h-2V601a6,6,0,0,0-12,0v1h-2v-1Zm7,6a6,6,0,0,0-12,0h12Zm-6,2a1,1,0,0,1,1,1v1a1,1,0,0,1-2,0v-1A1,1,0,0,1,1205,609Zm0,5a1,1,0,0,1,1,1v1a1,1,0,0,1-2,0v-1A1,1,0,0,1,1205,614Zm4.94-5.343a1,1,0,0,1,1.28.6l0.69,0.878a1,1,0,0,1-1.88.685l-0.69-.879A1,1,0,0,1,1209.94,608.657Zm2.05,4.638a1,1,0,0,1,1.28.6l0.35,0.94a1.008,1.008,0,0,1-.6,1.282,1,1,0,0,1-1.28-.6l-0.35-.939A1.008,1.008,0,0,1,1211.99,613.295Zm-11.93-4.638a1,1,0,0,1,.6,1.282l-0.69.879a1,1,0,1,1-1.87-.682l0.68-.88A1,1,0,0,1,1200.06,608.657Zm-2.05,4.639a1,1,0,0,1,.6,1.281l-0.34.941a1,1,0,0,1-1.88-.683l0.34-.94A1,1,0,0,1,1198.01,613.3Z\" transform=\"translate(-1196.31 -593)\"\/>\n<\/svg>\n                    <span class=\"figure\">6<\/span>\n\t\t\t\t\t                <\/div>\n            <\/div>\n\t\t\t            <div class=\"rh_prop_card__meta\">\n\t\t\t\t                    <span class=\"rhea_meta_titles\">Area<\/span>\n\t\t\t\t\t                <div class=\"rhea_meta_icon_wrapper\">\n\t\t\t\t\t<svg class=\"rh_svg\" version=\"1.1\" xmlns=\"http:\/\/www.w3.org\/2000\/svg\" xmlns:xlink=\"http:\/\/www.w3.org\/1999\/xlink\" x=\"0px\" y=\"0px\"\n\t width=\"24px\" height=\"24px\" viewBox=\"0 0 24 24\" enable-background=\"new 0 0 24 24\" xml:space=\"preserve\">\n<g>\n\t<circle cx=\"2\" cy=\"2\" r=\"2\"\/>\n<\/g>\n<g>\n\t<circle cx=\"2\" cy=\"22\" r=\"2\"\/>\n<\/g>\n<g>\n\t<circle cx=\"22\" cy=\"2\" r=\"2\"\/>\n<\/g>\n<rect x=\"1\" y=\"1\" width=\"2\" height=\"22\"\/>\n<rect x=\"1\" y=\"1\" width=\"22\" height=\"2\"\/>\n<path opacity=\"0.5\" d=\"M23,20.277V1h-2v19.277C20.7,20.452,20.452,20.7,20.277,21H1v2h19.277c0.347,0.596,0.984,1,1.723,1\n\tc1.104,0,2-0.896,2-2C24,21.262,23.596,20.624,23,20.277z\"\/>\n<\/svg>\n                    <span class=\"figure\">496<\/span>\n\t\t\t\t\t                        <span class=\"label\">mts2<\/span>\n\t\t\t\t\t                <\/div>\n            <\/div>\n\t\t\t\t<\/div>\n\t\n\n\n\n\n                                    <\/div>\n\n                                    <div class=\"rh_prop_card__priceLabel \">\n                                        <div class=\"rhea_property_price_box\">\n                                            <span class=\"rh_prop_card__status\">\n                                                VENTA                                            <\/span>\n                                            <p class=\"rh_prop_card__price\">\n\t\t\t\t\t\t\t\t\t\t\t\t 1,500,000\u20ac                                             <\/p>\n\n                                        <\/div>\n\t\t\t\t\t\t\t\t\t\t                                    <\/div>\n\n                                <\/div>\n\n                            <\/div>\n\n                        <\/article>\n\n                    <\/div>\n\t\t\t\t\t                    <div class=\"wrapper_properties_ele\">\n\n                        <article class=\"rh_prop_card_elementor\">\n\n                            <div class=\"rh_prop_card__wrap\">\n\n\t\t\t\t\t\t\t\t\n                                <figure class=\"rh_prop_card__thumbnail\">\n                                    <div class=\"rhea_figure_property_one\">\n                                        <div class=\"rhea_top_tags_box\">\n\t                                                                            <\/div>\n                                        <a href=\"https:\/\/menorcasa.com\/es\/property\/detached-villa-with-seperate-apartment-santa-ana\/\">\n\t\t\t\t\t\t\t\t\t\t\t<img loading=\"lazy\" decoding=\"async\" width=\"488\" height=\"326\" src=\"https:\/\/menorcasa.com\/wp-content\/uploads\/2025\/06\/Santa-Ana-29-488x326.jpg\" class=\"attachment-property-thumb-image size-property-thumb-image wp-post-image\" alt=\"\" srcset=\"https:\/\/menorcasa.com\/wp-content\/uploads\/2025\/06\/Santa-Ana-29-488x326.jpg 488w, https:\/\/menorcasa.com\/wp-content\/uploads\/2025\/06\/Santa-Ana-29-500x333.jpg 500w, https:\/\/menorcasa.com\/wp-content\/uploads\/2025\/06\/Santa-Ana-29-768x512.jpg 768w, https:\/\/menorcasa.com\/wp-content\/uploads\/2025\/06\/Santa-Ana-29-150x100.jpg 150w, https:\/\/menorcasa.com\/wp-content\/uploads\/2025\/06\/Santa-Ana-29.jpg 870w\" sizes=\"(max-width: 488px) 100vw, 488px\" \/>                                        <\/a>\n\n                                        <div class=\"rh_overlay\"><\/div>\n                                        <div class=\"rh_overlay__contents rh_overlay__fadeIn-bottom\">\n                                            <a href=\"https:\/\/menorcasa.com\/es\/property\/detached-villa-with-seperate-apartment-santa-ana\/\">Ver la Propiedad                                            <\/a>\n                                        <\/div>\n\t\t\t\t\t\t\t\t\t\t\n                                    <\/div>\n\n                                    <div class=\"rh_prop_card__btns\">\n\t\t\t\t\t\t\t\t\t\t                                    <\/div>\n                                <\/figure>\n\n                                <div class=\"rh_prop_card__details_elementor\">\n\n                                    <h3><a href=\"https:\/\/menorcasa.com\/es\/property\/detached-villa-with-seperate-apartment-santa-ana\/\">Chalet unifamiliar con apartamento independiente en Santa Ana<\/a><\/h3>\n\n\t\t\t\t\t\t\t\t\t\n                                        <p class=\"rh_prop_card__excerpt\">PRECIOSA PROPIEDAD CON PISCINA Ubicada al final de una tranquila&hellip;<\/p>\n\n\t\t\t\t\t\t\t\t\t\t\n                                    <div class=\"rh_prop_card__meta_wrap_elementor\">\n\n\t\t\t\t\t\t\t\t\t\t\n\n\t<div class=\"rh_prop_card_meta_wrap_stylish\">\n\t\t            <div class=\"rh_prop_card__meta\">\n\t\t\t\t                    <span class=\"rhea_meta_titles\">Habitaciones<\/span>\n\t\t\t\t\t                <div class=\"rhea_meta_icon_wrapper\">\n\t\t\t\t\t<svg class=\"rh_svg\" xmlns=\"http:\/\/www.w3.org\/2000\/svg\" width=\"24\" height=\"24\" viewBox=\"0 0 24 24\">\n <defs>\n  <\/defs>\n  <path d=\"M1111.91,600.993h16.17a2.635,2.635,0,0,1,2.68,1.773l1.21,11.358a2.456,2.456,0,0,1-2.61,2.875h-18.73a2.46,2.46,0,0,1-2.61-2.875l1.21-11.358A2.635,2.635,0,0,1,1111.91,600.993Zm0.66-7.994h3.86c1.09,0,2.57.135,2.57,1l0.01,3.463c0.14,0.838-1.72,1.539-2.93,1.539h-4.17c-1.21,0-2.07-.7-1.92-1.539l0.37-3.139A2.146,2.146,0,0,1,1112.57,593Zm11,0h3.86a2.123,2.123,0,0,1,2.2,1.325l0.38,3.139c0.14,0.838-.72,1.539-1.93,1.539h-5.17c-1.21,0-2.07-.7-1.92-1.539L1121,594C1121,593.1,1122.48,593,1123.57,593Z\" transform=\"translate(-1108 -593)\"\/>\n<\/svg>\n                    <span class=\"figure\">6<\/span>\n\t\t\t\t\t                <\/div>\n            <\/div>\n\t\t\t            <div class=\"rh_prop_card__meta\">\n\t\t\t\t                    <span class=\"rhea_meta_titles\">Ba\u00f1os<\/span>\n\t\t\t\t\t                <div class=\"rhea_meta_icon_wrapper\">\n\t\t\t\t\t<svg class=\"rh_svg\" xmlns=\"http:\/\/www.w3.org\/2000\/svg\" width=\"23.69\" height=\"24\" viewBox=\"0 0 23.69 24\">\n  <path d=\"M1204,601a8,8,0,0,1,16,0v16h-2V601a6,6,0,0,0-12,0v1h-2v-1Zm7,6a6,6,0,0,0-12,0h12Zm-6,2a1,1,0,0,1,1,1v1a1,1,0,0,1-2,0v-1A1,1,0,0,1,1205,609Zm0,5a1,1,0,0,1,1,1v1a1,1,0,0,1-2,0v-1A1,1,0,0,1,1205,614Zm4.94-5.343a1,1,0,0,1,1.28.6l0.69,0.878a1,1,0,0,1-1.88.685l-0.69-.879A1,1,0,0,1,1209.94,608.657Zm2.05,4.638a1,1,0,0,1,1.28.6l0.35,0.94a1.008,1.008,0,0,1-.6,1.282,1,1,0,0,1-1.28-.6l-0.35-.939A1.008,1.008,0,0,1,1211.99,613.295Zm-11.93-4.638a1,1,0,0,1,.6,1.282l-0.69.879a1,1,0,1,1-1.87-.682l0.68-.88A1,1,0,0,1,1200.06,608.657Zm-2.05,4.639a1,1,0,0,1,.6,1.281l-0.34.941a1,1,0,0,1-1.88-.683l0.34-.94A1,1,0,0,1,1198.01,613.3Z\" transform=\"translate(-1196.31 -593)\"\/>\n<\/svg>\n                    <span class=\"figure\">5<\/span>\n\t\t\t\t\t                <\/div>\n            <\/div>\n\t\t\t            <div class=\"rh_prop_card__meta\">\n\t\t\t\t                    <span class=\"rhea_meta_titles\">Area<\/span>\n\t\t\t\t\t                <div class=\"rhea_meta_icon_wrapper\">\n\t\t\t\t\t<svg class=\"rh_svg\" version=\"1.1\" xmlns=\"http:\/\/www.w3.org\/2000\/svg\" xmlns:xlink=\"http:\/\/www.w3.org\/1999\/xlink\" x=\"0px\" y=\"0px\"\n\t width=\"24px\" height=\"24px\" viewBox=\"0 0 24 24\" enable-background=\"new 0 0 24 24\" xml:space=\"preserve\">\n<g>\n\t<circle cx=\"2\" cy=\"2\" r=\"2\"\/>\n<\/g>\n<g>\n\t<circle cx=\"2\" cy=\"22\" r=\"2\"\/>\n<\/g>\n<g>\n\t<circle cx=\"22\" cy=\"2\" r=\"2\"\/>\n<\/g>\n<rect x=\"1\" y=\"1\" width=\"2\" height=\"22\"\/>\n<rect x=\"1\" y=\"1\" width=\"22\" height=\"2\"\/>\n<path opacity=\"0.5\" d=\"M23,20.277V1h-2v19.277C20.7,20.452,20.452,20.7,20.277,21H1v2h19.277c0.347,0.596,0.984,1,1.723,1\n\tc1.104,0,2-0.896,2-2C24,21.262,23.596,20.624,23,20.277z\"\/>\n<\/svg>\n                    <span class=\"figure\">285<\/span>\n\t\t\t\t\t                        <span class=\"label\">mts2<\/span>\n\t\t\t\t\t                <\/div>\n            <\/div>\n\t\t\t\t<\/div>\n\t\n\n\n\n\n                                    <\/div>\n\n                                    <div class=\"rh_prop_card__priceLabel \">\n                                        <div class=\"rhea_property_price_box\">\n                                            <span class=\"rh_prop_card__status\">\n                                                VENTA                                            <\/span>\n                                            <p class=\"rh_prop_card__price\">\n\t\t\t\t\t\t\t\t\t\t\t\t 1,250,000\u20ac                                             <\/p>\n\n                                        <\/div>\n\t\t\t\t\t\t\t\t\t\t                                    <\/div>\n\n                                <\/div>\n\n                            <\/div>\n\n                        <\/article>\n\n                    <\/div>\n\t\t\t\t\t                    <div class=\"wrapper_properties_ele\">\n\n                        <article class=\"rh_prop_card_elementor\">\n\n                            <div class=\"rh_prop_card__wrap\">\n\n\t\t\t\t\t\t\t\t\n                                <figure class=\"rh_prop_card__thumbnail\">\n                                    <div class=\"rhea_figure_property_one\">\n                                        <div class=\"rhea_top_tags_box\">\n\t                                                                            <\/div>\n                                        <a href=\"https:\/\/menorcasa.com\/es\/property\/beautiful-villa-with-stunning-sea-views-in-son-bou\/\">\n\t\t\t\t\t\t\t\t\t\t\t<img loading=\"lazy\" decoding=\"async\" width=\"488\" height=\"326\" src=\"https:\/\/menorcasa.com\/wp-content\/uploads\/2024\/09\/Son-Bou-46-488x326.jpg\" class=\"attachment-property-thumb-image size-property-thumb-image wp-post-image\" alt=\"\" srcset=\"https:\/\/menorcasa.com\/wp-content\/uploads\/2024\/09\/Son-Bou-46-488x326.jpg 488w, https:\/\/menorcasa.com\/wp-content\/uploads\/2024\/09\/Son-Bou-46-500x333.jpg 500w, https:\/\/menorcasa.com\/wp-content\/uploads\/2024\/09\/Son-Bou-46-768x512.jpg 768w, https:\/\/menorcasa.com\/wp-content\/uploads\/2024\/09\/Son-Bou-46-150x100.jpg 150w, https:\/\/menorcasa.com\/wp-content\/uploads\/2024\/09\/Son-Bou-46.jpg 870w\" sizes=\"(max-width: 488px) 100vw, 488px\" \/>                                        <\/a>\n\n                                        <div class=\"rh_overlay\"><\/div>\n                                        <div class=\"rh_overlay__contents rh_overlay__fadeIn-bottom\">\n                                            <a href=\"https:\/\/menorcasa.com\/es\/property\/beautiful-villa-with-stunning-sea-views-in-son-bou\/\">Ver la Propiedad                                            <\/a>\n                                        <\/div>\n\t\t\t\t\t\t\t\t\t\t\n                                    <\/div>\n\n                                    <div class=\"rh_prop_card__btns\">\n\t\t\t\t\t\t\t\t\t\t                                    <\/div>\n                                <\/figure>\n\n                                <div class=\"rh_prop_card__details_elementor\">\n\n                                    <h3><a href=\"https:\/\/menorcasa.com\/es\/property\/beautiful-villa-with-stunning-sea-views-in-son-bou\/\">Hermoso chalet con magn\u00edficas vistas en Son Bou<\/a><\/h3>\n\n\t\t\t\t\t\t\t\t\t\n                                        <p class=\"rh_prop_card__excerpt\">PROPIEDAD DE 4 DORMITORIOS CON VISTAS PANOR\u00c1MICAS Con impresionantes vistas&hellip;<\/p>\n\n\t\t\t\t\t\t\t\t\t\t\n                                    <div class=\"rh_prop_card__meta_wrap_elementor\">\n\n\t\t\t\t\t\t\t\t\t\t\n\n\t<div class=\"rh_prop_card_meta_wrap_stylish\">\n\t\t            <div class=\"rh_prop_card__meta\">\n\t\t\t\t                    <span class=\"rhea_meta_titles\">Habitaciones<\/span>\n\t\t\t\t\t                <div class=\"rhea_meta_icon_wrapper\">\n\t\t\t\t\t<svg class=\"rh_svg\" xmlns=\"http:\/\/www.w3.org\/2000\/svg\" width=\"24\" height=\"24\" viewBox=\"0 0 24 24\">\n <defs>\n  <\/defs>\n  <path d=\"M1111.91,600.993h16.17a2.635,2.635,0,0,1,2.68,1.773l1.21,11.358a2.456,2.456,0,0,1-2.61,2.875h-18.73a2.46,2.46,0,0,1-2.61-2.875l1.21-11.358A2.635,2.635,0,0,1,1111.91,600.993Zm0.66-7.994h3.86c1.09,0,2.57.135,2.57,1l0.01,3.463c0.14,0.838-1.72,1.539-2.93,1.539h-4.17c-1.21,0-2.07-.7-1.92-1.539l0.37-3.139A2.146,2.146,0,0,1,1112.57,593Zm11,0h3.86a2.123,2.123,0,0,1,2.2,1.325l0.38,3.139c0.14,0.838-.72,1.539-1.93,1.539h-5.17c-1.21,0-2.07-.7-1.92-1.539L1121,594C1121,593.1,1122.48,593,1123.57,593Z\" transform=\"translate(-1108 -593)\"\/>\n<\/svg>\n                    <span class=\"figure\">4<\/span>\n\t\t\t\t\t                <\/div>\n            <\/div>\n\t\t\t            <div class=\"rh_prop_card__meta\">\n\t\t\t\t                    <span class=\"rhea_meta_titles\">Ba\u00f1os<\/span>\n\t\t\t\t\t                <div class=\"rhea_meta_icon_wrapper\">\n\t\t\t\t\t<svg class=\"rh_svg\" xmlns=\"http:\/\/www.w3.org\/2000\/svg\" width=\"23.69\" height=\"24\" viewBox=\"0 0 23.69 24\">\n  <path d=\"M1204,601a8,8,0,0,1,16,0v16h-2V601a6,6,0,0,0-12,0v1h-2v-1Zm7,6a6,6,0,0,0-12,0h12Zm-6,2a1,1,0,0,1,1,1v1a1,1,0,0,1-2,0v-1A1,1,0,0,1,1205,609Zm0,5a1,1,0,0,1,1,1v1a1,1,0,0,1-2,0v-1A1,1,0,0,1,1205,614Zm4.94-5.343a1,1,0,0,1,1.28.6l0.69,0.878a1,1,0,0,1-1.88.685l-0.69-.879A1,1,0,0,1,1209.94,608.657Zm2.05,4.638a1,1,0,0,1,1.28.6l0.35,0.94a1.008,1.008,0,0,1-.6,1.282,1,1,0,0,1-1.28-.6l-0.35-.939A1.008,1.008,0,0,1,1211.99,613.295Zm-11.93-4.638a1,1,0,0,1,.6,1.282l-0.69.879a1,1,0,1,1-1.87-.682l0.68-.88A1,1,0,0,1,1200.06,608.657Zm-2.05,4.639a1,1,0,0,1,.6,1.281l-0.34.941a1,1,0,0,1-1.88-.683l0.34-.94A1,1,0,0,1,1198.01,613.3Z\" transform=\"translate(-1196.31 -593)\"\/>\n<\/svg>\n                    <span class=\"figure\">5<\/span>\n\t\t\t\t\t                <\/div>\n            <\/div>\n\t\t\t            <div class=\"rh_prop_card__meta\">\n\t\t\t\t                    <span class=\"rhea_meta_titles\">Area<\/span>\n\t\t\t\t\t                <div class=\"rhea_meta_icon_wrapper\">\n\t\t\t\t\t<svg class=\"rh_svg\" version=\"1.1\" xmlns=\"http:\/\/www.w3.org\/2000\/svg\" xmlns:xlink=\"http:\/\/www.w3.org\/1999\/xlink\" x=\"0px\" y=\"0px\"\n\t width=\"24px\" height=\"24px\" viewBox=\"0 0 24 24\" enable-background=\"new 0 0 24 24\" xml:space=\"preserve\">\n<g>\n\t<circle cx=\"2\" cy=\"2\" r=\"2\"\/>\n<\/g>\n<g>\n\t<circle cx=\"2\" cy=\"22\" r=\"2\"\/>\n<\/g>\n<g>\n\t<circle cx=\"22\" cy=\"2\" r=\"2\"\/>\n<\/g>\n<rect x=\"1\" y=\"1\" width=\"2\" height=\"22\"\/>\n<rect x=\"1\" y=\"1\" width=\"22\" height=\"2\"\/>\n<path opacity=\"0.5\" d=\"M23,20.277V1h-2v19.277C20.7,20.452,20.452,20.7,20.277,21H1v2h19.277c0.347,0.596,0.984,1,1.723,1\n\tc1.104,0,2-0.896,2-2C24,21.262,23.596,20.624,23,20.277z\"\/>\n<\/svg>\n                    <span class=\"figure\">248<\/span>\n\t\t\t\t\t                        <span class=\"label\">mts2<\/span>\n\t\t\t\t\t                <\/div>\n            <\/div>\n\t\t\t\t<\/div>\n\t\n\n\n\n\n                                    <\/div>\n\n                                    <div class=\"rh_prop_card__priceLabel \">\n                                        <div class=\"rhea_property_price_box\">\n                                            <span class=\"rh_prop_card__status\">\n                                                Nuevo, VENTA                                            <\/span>\n                                            <p class=\"rh_prop_card__price\">\n\t\t\t\t\t\t\t\t\t\t\t\t 1,200,000\u20ac                                             <\/p>\n\n                                        <\/div>\n\t\t\t\t\t\t\t\t\t\t                                    <\/div>\n\n                                <\/div>\n\n                            <\/div>\n\n                        <\/article>\n\n                    <\/div>\n\t\t\t\t\t                    <div class=\"wrapper_properties_ele\">\n\n                        <article class=\"rh_prop_card_elementor\">\n\n                            <div class=\"rh_prop_card__wrap\">\n\n\t\t\t\t\t\t\t\t\n                                <figure class=\"rh_prop_card__thumbnail\">\n                                    <div class=\"rhea_figure_property_one\">\n                                        <div class=\"rhea_top_tags_box\">\n\t                                                                            <\/div>\n                                        <a href=\"https:\/\/menorcasa.com\/es\/property\/detached-villa-with-tourist-licence-in-son-bou-menorca\/\">\n\t\t\t\t\t\t\t\t\t\t\t<img loading=\"lazy\" decoding=\"async\" width=\"488\" height=\"326\" src=\"https:\/\/menorcasa.com\/wp-content\/uploads\/2023\/11\/Son-Bou-32-488x326.jpg\" class=\"attachment-property-thumb-image size-property-thumb-image wp-post-image\" alt=\"\" srcset=\"https:\/\/menorcasa.com\/wp-content\/uploads\/2023\/11\/Son-Bou-32-488x326.jpg 488w, https:\/\/menorcasa.com\/wp-content\/uploads\/2023\/11\/Son-Bou-32-500x333.jpg 500w, https:\/\/menorcasa.com\/wp-content\/uploads\/2023\/11\/Son-Bou-32-768x512.jpg 768w, https:\/\/menorcasa.com\/wp-content\/uploads\/2023\/11\/Son-Bou-32-150x100.jpg 150w, https:\/\/menorcasa.com\/wp-content\/uploads\/2023\/11\/Son-Bou-32.jpg 870w\" sizes=\"(max-width: 488px) 100vw, 488px\" \/>                                        <\/a>\n\n                                        <div class=\"rh_overlay\"><\/div>\n                                        <div class=\"rh_overlay__contents rh_overlay__fadeIn-bottom\">\n                                            <a href=\"https:\/\/menorcasa.com\/es\/property\/detached-villa-with-tourist-licence-in-son-bou-menorca\/\">Ver la Propiedad                                            <\/a>\n                                        <\/div>\n\t\t\t\t\t\t\t\t\t\t\n                                    <\/div>\n\n                                    <div class=\"rh_prop_card__btns\">\n\t\t\t\t\t\t\t\t\t\t                                    <\/div>\n                                <\/figure>\n\n                                <div class=\"rh_prop_card__details_elementor\">\n\n                                    <h3><a href=\"https:\/\/menorcasa.com\/es\/property\/detached-villa-with-tourist-licence-in-son-bou-menorca\/\">Chalet unifamiliar con licencia tur\u00edstica en Son Bou, Menorca<\/a><\/h3>\n\n\t\t\t\t\t\t\t\t\t\n                                        <p class=\"rh_prop_card__excerpt\">PROPIEDAD DE 3 DORMITORIOS Y FANT\u00c1STICAS VISTAS AL MAR Con\u00a0vistas&hellip;<\/p>\n\n\t\t\t\t\t\t\t\t\t\t\n                                    <div class=\"rh_prop_card__meta_wrap_elementor\">\n\n\t\t\t\t\t\t\t\t\t\t\n\n\t<div class=\"rh_prop_card_meta_wrap_stylish\">\n\t\t            <div class=\"rh_prop_card__meta\">\n\t\t\t\t                    <span class=\"rhea_meta_titles\">Habitaciones<\/span>\n\t\t\t\t\t                <div class=\"rhea_meta_icon_wrapper\">\n\t\t\t\t\t<svg class=\"rh_svg\" xmlns=\"http:\/\/www.w3.org\/2000\/svg\" width=\"24\" height=\"24\" viewBox=\"0 0 24 24\">\n <defs>\n  <\/defs>\n  <path d=\"M1111.91,600.993h16.17a2.635,2.635,0,0,1,2.68,1.773l1.21,11.358a2.456,2.456,0,0,1-2.61,2.875h-18.73a2.46,2.46,0,0,1-2.61-2.875l1.21-11.358A2.635,2.635,0,0,1,1111.91,600.993Zm0.66-7.994h3.86c1.09,0,2.57.135,2.57,1l0.01,3.463c0.14,0.838-1.72,1.539-2.93,1.539h-4.17c-1.21,0-2.07-.7-1.92-1.539l0.37-3.139A2.146,2.146,0,0,1,1112.57,593Zm11,0h3.86a2.123,2.123,0,0,1,2.2,1.325l0.38,3.139c0.14,0.838-.72,1.539-1.93,1.539h-5.17c-1.21,0-2.07-.7-1.92-1.539L1121,594C1121,593.1,1122.48,593,1123.57,593Z\" transform=\"translate(-1108 -593)\"\/>\n<\/svg>\n                    <span class=\"figure\">3<\/span>\n\t\t\t\t\t                <\/div>\n            <\/div>\n\t\t\t            <div class=\"rh_prop_card__meta\">\n\t\t\t\t                    <span class=\"rhea_meta_titles\">Ba\u00f1os<\/span>\n\t\t\t\t\t                <div class=\"rhea_meta_icon_wrapper\">\n\t\t\t\t\t<svg class=\"rh_svg\" xmlns=\"http:\/\/www.w3.org\/2000\/svg\" width=\"23.69\" height=\"24\" viewBox=\"0 0 23.69 24\">\n  <path d=\"M1204,601a8,8,0,0,1,16,0v16h-2V601a6,6,0,0,0-12,0v1h-2v-1Zm7,6a6,6,0,0,0-12,0h12Zm-6,2a1,1,0,0,1,1,1v1a1,1,0,0,1-2,0v-1A1,1,0,0,1,1205,609Zm0,5a1,1,0,0,1,1,1v1a1,1,0,0,1-2,0v-1A1,1,0,0,1,1205,614Zm4.94-5.343a1,1,0,0,1,1.28.6l0.69,0.878a1,1,0,0,1-1.88.685l-0.69-.879A1,1,0,0,1,1209.94,608.657Zm2.05,4.638a1,1,0,0,1,1.28.6l0.35,0.94a1.008,1.008,0,0,1-.6,1.282,1,1,0,0,1-1.28-.6l-0.35-.939A1.008,1.008,0,0,1,1211.99,613.295Zm-11.93-4.638a1,1,0,0,1,.6,1.282l-0.69.879a1,1,0,1,1-1.87-.682l0.68-.88A1,1,0,0,1,1200.06,608.657Zm-2.05,4.639a1,1,0,0,1,.6,1.281l-0.34.941a1,1,0,0,1-1.88-.683l0.34-.94A1,1,0,0,1,1198.01,613.3Z\" transform=\"translate(-1196.31 -593)\"\/>\n<\/svg>\n                    <span class=\"figure\">3<\/span>\n\t\t\t\t\t                <\/div>\n            <\/div>\n\t\t\t            <div class=\"rh_prop_card__meta\">\n\t\t\t\t                    <span class=\"rhea_meta_titles\">Area<\/span>\n\t\t\t\t\t                <div class=\"rhea_meta_icon_wrapper\">\n\t\t\t\t\t<svg class=\"rh_svg\" version=\"1.1\" xmlns=\"http:\/\/www.w3.org\/2000\/svg\" xmlns:xlink=\"http:\/\/www.w3.org\/1999\/xlink\" x=\"0px\" y=\"0px\"\n\t width=\"24px\" height=\"24px\" viewBox=\"0 0 24 24\" enable-background=\"new 0 0 24 24\" xml:space=\"preserve\">\n<g>\n\t<circle cx=\"2\" cy=\"2\" r=\"2\"\/>\n<\/g>\n<g>\n\t<circle cx=\"2\" cy=\"22\" r=\"2\"\/>\n<\/g>\n<g>\n\t<circle cx=\"22\" cy=\"2\" r=\"2\"\/>\n<\/g>\n<rect x=\"1\" y=\"1\" width=\"2\" height=\"22\"\/>\n<rect x=\"1\" y=\"1\" width=\"22\" height=\"2\"\/>\n<path opacity=\"0.5\" d=\"M23,20.277V1h-2v19.277C20.7,20.452,20.452,20.7,20.277,21H1v2h19.277c0.347,0.596,0.984,1,1.723,1\n\tc1.104,0,2-0.896,2-2C24,21.262,23.596,20.624,23,20.277z\"\/>\n<\/svg>\n                    <span class=\"figure\">240<\/span>\n\t\t\t\t\t                        <span class=\"label\">mts2<\/span>\n\t\t\t\t\t                <\/div>\n            <\/div>\n\t\t\t\t<\/div>\n\t\n\n\n\n\n                                    <\/div>\n\n                                    <div class=\"rh_prop_card__priceLabel \">\n                                        <div class=\"rhea_property_price_box\">\n                                            <span class=\"rh_prop_card__status\">\n                                                VENTA                                            <\/span>\n                                            <p class=\"rh_prop_card__price\">\n\t\t\t\t\t\t\t\t\t\t\t\t 1,100,000\u20ac                                             <\/p>\n\n                                        <\/div>\n\t\t\t\t\t\t\t\t\t\t                                    <\/div>\n\n                                <\/div>\n\n                            <\/div>\n\n                        <\/article>\n\n                    <\/div>\n\t\t\t\t\t                <\/div>                <div class=\"rhea_svg_loader\">\n\t\t\t\t\t<svg xmlns=\"http:\/\/www.w3.org\/2000\/svg\" viewBox=\"0 0 32 32\" width=\"32\" height=\"32\" fill=\"#dedede\">\n  <path transform=\"translate(2)\" d=\"M0 12 V20 H4 V12z\"> \n    <animate attributeName=\"d\" values=\"M0 12 V20 H4 V12z; M0 4 V28 H4 V4z; M0 12 V20 H4 V12z; M0 12 V20 H4 V12z\" dur=\"1.2s\" repeatCount=\"indefinite\" begin=\"0\" keytimes=\"0;.2;.5;1\" keySplines=\"0.2 0.2 0.4 0.8;0.2 0.6 0.4 0.8;0.2 0.8 0.4 0.8\" calcMode=\"spline\"  \/>\n  <\/path>\n  <path transform=\"translate(8)\" d=\"M0 12 V20 H4 V12z\">\n    <animate attributeName=\"d\" values=\"M0 12 V20 H4 V12z; M0 4 V28 H4 V4z; M0 12 V20 H4 V12z; M0 12 V20 H4 V12z\" dur=\"1.2s\" repeatCount=\"indefinite\" begin=\"0.2\" keytimes=\"0;.2;.5;1\" keySplines=\"0.2 0.2 0.4 0.8;0.2 0.6 0.4 0.8;0.2 0.8 0.4 0.8\" calcMode=\"spline\"  \/>\n  <\/path>\n  <path transform=\"translate(14)\" d=\"M0 12 V20 H4 V12z\">\n    <animate attributeName=\"d\" values=\"M0 12 V20 H4 V12z; M0 4 V28 H4 V4z; M0 12 V20 H4 V12z; M0 12 V20 H4 V12z\" dur=\"1.2s\" repeatCount=\"indefinite\" begin=\"0.4\" keytimes=\"0;.2;.5;1\" keySplines=\"0.2 0.2 0.4 0.8;0.2 0.6 0.4 0.8;0.2 0.8 0.4 0.8\" calcMode=\"spline\" \/>\n  <\/path>\n  <path transform=\"translate(20)\" d=\"M0 12 V20 H4 V12z\">\n    <animate attributeName=\"d\" values=\"M0 12 V20 H4 V12z; M0 4 V28 H4 V4z; M0 12 V20 H4 V12z; M0 12 V20 H4 V12z\" dur=\"1.2s\" repeatCount=\"indefinite\" begin=\"0.6\" keytimes=\"0;.2;.5;1\" keySplines=\"0.2 0.2 0.4 0.8;0.2 0.6 0.4 0.8;0.2 0.8 0.4 0.8\" calcMode=\"spline\" \/>\n  <\/path>\n  <path transform=\"translate(26)\" d=\"M0 12 V20 H4 V12z\">\n    <animate attributeName=\"d\" values=\"M0 12 V20 H4 V12z; M0 4 V28 H4 V4z; M0 12 V20 H4 V12z; M0 12 V20 H4 V12z\" dur=\"1.2s\" repeatCount=\"indefinite\" begin=\"0.8\" keytimes=\"0;.2;.5;1\" keySplines=\"0.2 0.2 0.4 0.8;0.2 0.6 0.4 0.8;0.2 0.8 0.4 0.8\" calcMode=\"spline\" \/>\n  <\/path>\n<\/svg>\n                <\/div>\n\t\t\t\t<div class='rhea_pagination_wrapper'><div class='pagination rhea-pagination-clean'><a href='https:\/\/menorcasa.com\/es\/wp-json\/wp\/v2\/pages\/149267\/' class='real-btn current' >1<\/a> <a href='https:\/\/menorcasa.com\/es\/wp-json\/wp\/v2\/pages\/149267\/page\/2\/' class='real-btn' >2<\/a> <a href='https:\/\/menorcasa.com\/es\/wp-json\/wp\/v2\/pages\/149267\/page\/3\/' class='real-btn' >3<\/a> <a href='https:\/\/menorcasa.com\/es\/wp-json\/wp\/v2\/pages\/149267\/page\/4\/' class='real-btn' >4<\/a> <a href='https:\/\/menorcasa.com\/es\/wp-json\/wp\/v2\/pages\/149267\/page\/2\/' class='real-btn'>Siguiente <\/a> <a href='https:\/\/menorcasa.com\/es\/wp-json\/wp\/v2\/pages\/149267\/page\/8\/' class='real-btn'>\u00daltimo <\/a> <\/div><\/div>        <\/div>\n    <\/div>\n<\/div>\n<!-- \/.rh_prop_card -->\n        <\/section>\n\t\t\t\t\t\t<\/div>\n\t\t\t\t<\/div>\n\t\t\t\t\t<\/div>\n\t\t<\/div>\n\t\t\t\t\t<\/div>\n\t\t<\/section>\n\t\t\t\t<section class=\"elementor-section elementor-top-section elementor-element elementor-element-5ccd721c elementor-section-boxed elementor-section-height-default elementor-section-height-default\" data-id=\"5ccd721c\" data-element_type=\"section\">\n\t\t\t\t\t\t<div class=\"elementor-container elementor-column-gap-default\">\n\t\t\t\t\t<div class=\"elementor-column elementor-col-100 elementor-top-column elementor-element elementor-element-22bc1917\" data-id=\"22bc1917\" data-element_type=\"column\">\n\t\t\t<div class=\"elementor-widget-wrap elementor-element-populated\">\n\t\t\t\t\t\t<div class=\"elementor-element elementor-element-2c090732 elementor-align-center elementor-widget elementor-widget-button\" data-id=\"2c090732\" data-element_type=\"widget\" data-widget_type=\"button.default\">\n\t\t\t\t<div class=\"elementor-widget-container\">\n\t\t\t\t\t\t\t\t\t<div class=\"elementor-button-wrapper\">\n\t\t\t\t\t<a class=\"elementor-button elementor-button-link elementor-size-sm\" href=\"https:\/\/menorcasa.com\/es\/buscador-de-propiedades\/\">\n\t\t\t\t\t\t<span class=\"elementor-button-content-wrapper\">\n\t\t\t\t\t\t<span class=\"elementor-button-icon\">\n\t\t\t\t<i aria-hidden=\"true\" class=\"fas fa-search\"><\/i>\t\t\t<\/span>\n\t\t\t\t\t\t\t\t\t<span class=\"elementor-button-text\">Buscar otras propiedades<\/span>\n\t\t\t\t\t<\/span>\n\t\t\t\t\t<\/a>\n\t\t\t\t<\/div>\n\t\t\t\t\t\t\t\t<\/div>\n\t\t\t\t<\/div>\n\t\t\t\t\t<\/div>\n\t\t<\/div>\n\t\t\t\t\t<\/div>\n\t\t<\/section>\n\t\t\t\t<section class=\"elementor-section elementor-top-section elementor-element elementor-element-9336432 elementor-section-boxed elementor-section-height-default elementor-section-height-default\" data-id=\"9336432\" data-element_type=\"section\">\n\t\t\t\t\t\t<div class=\"elementor-container elementor-column-gap-default\">\n\t\t\t\t\t<div class=\"elementor-column elementor-col-100 elementor-top-column elementor-element elementor-element-98e56bf\" data-id=\"98e56bf\" data-element_type=\"column\">\n\t\t\t<div class=\"elementor-widget-wrap elementor-element-populated\">\n\t\t\t\t\t\t<div class=\"elementor-element elementor-element-5364e0a elementor-widget elementor-widget-text-editor\" data-id=\"5364e0a\" data-element_type=\"widget\" data-widget_type=\"text-editor.default\">\n\t\t\t\t<div class=\"elementor-widget-container\">\n\t\t\t\t\t\t\t\t\t<p data-start=\"80\" data-end=\"467\">Descubre nuestra selecci\u00f3n de <strong data-start=\"110\" data-end=\"152\">villas en venta en Menorca con terraza<\/strong>, dise\u00f1adas para quienes buscan un hogar que combine lujo, comodidad y contacto con la naturaleza. En <strong data-start=\"254\" data-end=\"267\">Menorcasa<\/strong>, ofrecemos propiedades exclusivas en los mejores rincones de la isla, desde impresionantes villas en primera l\u00ednea de mar hasta encantadoras casas rurales con amplias terrazas y vistas panor\u00e1micas.<\/p>\n<h2 data-start=\"469\" data-end=\"530\"><strong data-start=\"472\" data-end=\"528\">Ventajas de Comprar una Villa con Terraza en Menorca<\/strong><\/h2>\n<p data-start=\"532\" data-end=\"739\">Adquirir una villa con terraza en Menorca no solo mejora la calidad de vida, sino que tambi\u00e9n representa una inversi\u00f3n de alto valor en el mercado inmobiliario de la isla. Algunas de sus ventajas incluyen:<\/p>\n<ul data-start=\"741\" data-end=\"1342\">\n<li data-start=\"741\" data-end=\"870\"><strong data-start=\"743\" data-end=\"768\">Vistas impresionantes<\/strong>: Contempla el amanecer sobre el Mediterr\u00e1neo o disfruta de m\u00e1gicos atardeceres en plena naturaleza.<\/li>\n<li data-start=\"871\" data-end=\"1037\"><strong data-start=\"873\" data-end=\"920\">Espacios para el relax y el entretenimiento<\/strong>: Las terrazas amplias son perfectas para reuniones familiares, cenas al aire libre o simplemente para desconectar.<\/li>\n<li data-start=\"1038\" data-end=\"1183\"><strong data-start=\"1040\" data-end=\"1075\">Mayor luminosidad y ventilaci\u00f3n<\/strong>: La conexi\u00f3n entre el interior y el exterior aporta frescura y sensaci\u00f3n de amplitud en toda la vivienda.<\/li>\n<li data-start=\"1184\" data-end=\"1342\"><strong data-start=\"1186\" data-end=\"1218\">Valor a\u00f1adido a la propiedad<\/strong>: Las villas con terraza son una de las opciones m\u00e1s buscadas en Menorca, lo que las convierte en una excelente inversi\u00f3n.<\/li>\n<\/ul>\n<h2 data-start=\"1344\" data-end=\"1391\"><strong data-start=\"1347\" data-end=\"1389\">Tipos de Villas con Terraza en Menorca<\/strong><\/h2>\n<p data-start=\"1393\" data-end=\"1507\">En <strong data-start=\"1396\" data-end=\"1409\">Menorcasa<\/strong>, contamos con una amplia variedad de villas con terraza adaptadas a diferentes estilos de vida:<\/p>\n<ul data-start=\"1509\" data-end=\"2044\">\n<li data-start=\"1509\" data-end=\"1645\"><strong data-start=\"1511\" data-end=\"1570\"><a href=\"https:\/\/menorcasa.com\/es\/propiedades-vistas-al-mar\/\">Villas en primera l\u00ednea de mar<\/a> con terrazas panor\u00e1micas<\/strong>: Ideales para disfrutar del sonido de las olas y de vistas inigualables.<\/li>\n<li data-start=\"1646\" data-end=\"1787\"><strong data-start=\"1648\" data-end=\"1693\">Casas tradicionales con terrazas r\u00fasticas<\/strong>: Espacios con encanto, decorados con p\u00e9rgolas, muebles de madera y vegetaci\u00f3n mediterr\u00e1nea.<\/li>\n<li data-start=\"1788\" data-end=\"1915\"><strong data-start=\"1790\" data-end=\"1832\">Villas modernas con terrazas chill-out<\/strong>: Dise\u00f1adas con l\u00edneas contempor\u00e1neas, zonas de relax y acabados de alta calidad.<\/li>\n<li data-start=\"1916\" data-end=\"2044\"><strong data-start=\"1918\" data-end=\"1968\"><a href=\"https:\/\/menorcasa.com\/es\/casas-campo-venta-menorca\/\">Fincas rurales<\/a> con grandes terrazas y jardines<\/strong>: Perfectas para quienes buscan tranquilidad y contacto con la naturaleza.<\/li>\n<\/ul>\n<h2 data-start=\"2046\" data-end=\"2113\"><strong data-start=\"2049\" data-end=\"2111\">Las Mejores Ubicaciones para Villas con Terraza en Menorca<\/strong><\/h2>\n<p data-start=\"2115\" data-end=\"2240\">Seleccionamos villas en las zonas m\u00e1s exclusivas de Menorca, garantizando un entorno privilegiado y excelente conectividad:<\/p>\n<ul data-start=\"2242\" data-end=\"2573\">\n<li data-start=\"2242\" data-end=\"2323\"><strong data-start=\"2244\" data-end=\"2266\"><a href=\"https:\/\/menorcasa.com\/es\/mao\/\">Mah\u00f3n<\/a> y Ciutadella<\/strong>: Ciudades con encanto, historia y todos los servicios.<\/li>\n<li data-start=\"2324\" data-end=\"2440\"><strong data-start=\"2326\" data-end=\"2361\"><a href=\"https:\/\/menorcasa.com\/es\/property-city\/binibeca-es\/\">Binibeca<\/a>, <a href=\"https:\/\/menorcasa.com\/es\/property-city\/son-bou-es-2\/\">Son Bou<\/a> y Cala Morell<\/strong>: Destinos costeros con vistas impresionantes y acceso a playas paradis\u00edacas.<\/li>\n<li data-start=\"2441\" data-end=\"2573\"><strong data-start=\"2443\" data-end=\"2478\"><a href=\"https:\/\/menorcasa.com\/es\/alaior\/\">Alaior<\/a>, <a href=\"https:\/\/menorcasa.com\/es\/es-castell\/\">Es Castell<\/a> y <a href=\"https:\/\/menorcasa.com\/es\/sant-lluis\/\">Sant Llu\u00eds<\/a><\/strong>: Entornos tranquilos y aut\u00e9nticos con el equilibrio perfecto entre naturaleza y comodidades.<\/li>\n<\/ul>\n<h2 data-start=\"2575\" data-end=\"2639\"><strong data-start=\"2578\" data-end=\"2637\">Encuentra tu Villa con Terraza en Menorca con Menorcasa<\/strong><\/h2>\n<p data-start=\"2641\" data-end=\"2957\">Si sue\u00f1as con una <strong data-start=\"2659\" data-end=\"2691\">villa con terraza en Menorca<\/strong>, nuestro equipo de expertos te acompa\u00f1ar\u00e1 en cada paso del proceso para ayudarte a encontrar la propiedad perfecta. En <strong data-start=\"2811\" data-end=\"2824\">Menorcasa<\/strong>, combinamos experiencia, conocimiento del mercado y un servicio personalizado para ofrecerte las mejores oportunidades en la isla.<\/p>\n\t\t\t\t\t\t\t\t<\/div>\n\t\t\t\t<\/div>\n\t\t\t\t\t<\/div>\n\t\t<\/div>\n\t\t\t\t\t<\/div>\n\t\t<\/section>\n\t\t\t\t<\/div>\n\t\t","protected":false},"excerpt":{"rendered":"<p>Villas en venta en Menorca con terraza Ver la Propiedad Stunning detached villa in Binixica, Mahon SPACIOUS PROPERTY WTH GUEST ANNEX &nbsp; Ver esta publicaci\u00f3n en&hellip; Habitaciones 7 Area 958 mts2 SALES 1,975,000\u20ac Ver la Propiedad Detached villa with port views in Cala Llonga SPACIOUS, SINGLE LEVEL PROPERTY WITH GREAT VIEWS Located in the&hellip; Habitaciones&#8230;<\/p>\n","protected":false},"author":30,"featured_media":0,"parent":113464,"menu_order":0,"comment_status":"closed","ping_status":"closed","template":"elementor_header_footer","meta":{"footnotes":""},"class_list":["post-149267","page","type-page","status-publish","hentry"],"yoast_head":"<!-- This site is optimized with the Yoast SEO Premium plugin v21.4 (Yoast SEO v27.1.1) - https:\/\/yoast.com\/product\/yoast-seo-premium-wordpress\/ -->\n<title>Las mejores Villas con Terraza Menorca | Menorcasa<\/title>\n<meta name=\"description\" content=\"Descubre exclusivas villas en venta en Menorca con terraza. Propiedades de lujo con vistas al mar, amplios espacios y ubicaciones privilegiadas.\" \/>\n<meta name=\"robots\" content=\"index, follow, max-snippet:-1, max-image-preview:large, max-video-preview:-1\" \/>\n<link rel=\"canonical\" href=\"https:\/\/menorcasa.com\/es\/villas\/villas-con-terraza\/\" \/>\n<meta property=\"og:locale\" content=\"es_ES\" \/>\n<meta property=\"og:type\" content=\"article\" \/>\n<meta property=\"og:title\" content=\"Villas con terraza\" \/>\n<meta property=\"og:description\" content=\"Descubre exclusivas villas en venta en Menorca con terraza. Propiedades de lujo con vistas al mar, amplios espacios y ubicaciones privilegiadas.\" \/>\n<meta property=\"og:url\" content=\"https:\/\/menorcasa.com\/es\/villas\/villas-con-terraza\/\" \/>\n<meta property=\"og:site_name\" content=\"Menorcasa\" \/>\n<meta property=\"article:publisher\" content=\"https:\/\/www.facebook.com\/propertiesforsalemenorcasa\/\" \/>\n<meta property=\"article:modified_time\" content=\"2025-03-13T13:08:05+00:00\" \/>\n<meta property=\"og:image\" content=\"https:\/\/menorcasa.com\/wp-content\/uploads\/2023\/04\/Binixica-26-488x326.jpg\" \/>\n<meta name=\"twitter:card\" content=\"summary_large_image\" \/>\n<meta name=\"twitter:label1\" content=\"Tiempo de lectura\" \/>\n\t<meta name=\"twitter:data1\" content=\"3 minutos\" \/>\n<script type=\"application\/ld+json\" class=\"yoast-schema-graph\">{\"@context\":\"https:\/\/schema.org\",\"@graph\":[{\"@type\":\"WebPage\",\"@id\":\"https:\/\/menorcasa.com\/es\/villas\/villas-con-terraza\/\",\"url\":\"https:\/\/menorcasa.com\/es\/villas\/villas-con-terraza\/\",\"name\":\"Las mejores Villas con Terraza Menorca | Menorcasa\",\"isPartOf\":{\"@id\":\"https:\/\/menorcasa.com\/es\/#website\"},\"primaryImageOfPage\":{\"@id\":\"https:\/\/menorcasa.com\/es\/villas\/villas-con-terraza\/#primaryimage\"},\"image\":{\"@id\":\"https:\/\/menorcasa.com\/es\/villas\/villas-con-terraza\/#primaryimage\"},\"thumbnailUrl\":\"https:\/\/menorcasa.com\/wp-content\/uploads\/2023\/04\/Binixica-26-488x326.jpg\",\"datePublished\":\"2025-03-13T08:09:31+00:00\",\"dateModified\":\"2025-03-13T13:08:05+00:00\",\"description\":\"Descubre exclusivas villas en venta en Menorca con terraza. Propiedades de lujo con vistas al mar, amplios espacios y ubicaciones privilegiadas.\",\"breadcrumb\":{\"@id\":\"https:\/\/menorcasa.com\/es\/villas\/villas-con-terraza\/#breadcrumb\"},\"inLanguage\":\"es\",\"potentialAction\":[{\"@type\":\"ReadAction\",\"target\":[\"https:\/\/menorcasa.com\/es\/villas\/villas-con-terraza\/\"]}]},{\"@type\":\"ImageObject\",\"inLanguage\":\"es\",\"@id\":\"https:\/\/menorcasa.com\/es\/villas\/villas-con-terraza\/#primaryimage\",\"url\":\"https:\/\/menorcasa.com\/wp-content\/uploads\/2023\/04\/Binixica-26-488x326.jpg\",\"contentUrl\":\"https:\/\/menorcasa.com\/wp-content\/uploads\/2023\/04\/Binixica-26-488x326.jpg\"},{\"@type\":\"BreadcrumbList\",\"@id\":\"https:\/\/menorcasa.com\/es\/villas\/villas-con-terraza\/#breadcrumb\",\"itemListElement\":[{\"@type\":\"ListItem\",\"position\":1,\"name\":\"Propiedades en Venta en Menorca\",\"item\":\"https:\/\/menorcasa.com\/es\/\"},{\"@type\":\"ListItem\",\"position\":2,\"name\":\"Villas en venta en Menorca\",\"item\":\"https:\/\/menorcasa.com\/es\/villas\/\"},{\"@type\":\"ListItem\",\"position\":3,\"name\":\"Villas con terraza\"}]},{\"@type\":\"WebSite\",\"@id\":\"https:\/\/menorcasa.com\/es\/#website\",\"url\":\"https:\/\/menorcasa.com\/es\/\",\"name\":\"Menorcasa\",\"description\":\"properties for sale in menorca: villas, apartments, homes and more\",\"publisher\":{\"@id\":\"https:\/\/menorcasa.com\/es\/#organization\"},\"potentialAction\":[{\"@type\":\"SearchAction\",\"target\":{\"@type\":\"EntryPoint\",\"urlTemplate\":\"https:\/\/menorcasa.com\/es\/?s={search_term_string}\"},\"query-input\":{\"@type\":\"PropertyValueSpecification\",\"valueRequired\":true,\"valueName\":\"search_term_string\"}}],\"inLanguage\":\"es\"},{\"@type\":\"Organization\",\"@id\":\"https:\/\/menorcasa.com\/es\/#organization\",\"name\":\"Menorcasa\",\"url\":\"https:\/\/menorcasa.com\/es\/\",\"logo\":{\"@type\":\"ImageObject\",\"inLanguage\":\"es\",\"@id\":\"https:\/\/menorcasa.com\/es\/#\/schema\/logo\/image\/\",\"url\":\"\",\"contentUrl\":\"\",\"caption\":\"Menorcasa\"},\"image\":{\"@id\":\"https:\/\/menorcasa.com\/es\/#\/schema\/logo\/image\/\"},\"sameAs\":[\"https:\/\/www.facebook.com\/propertiesforsalemenorcasa\/\",\"https:\/\/www.instagram.com\/menorcasaproperties\/\"]}]}<\/script>\n<!-- \/ Yoast SEO Premium plugin. -->","yoast_head_json":{"title":"Las mejores Villas con Terraza Menorca | Menorcasa","description":"Descubre exclusivas villas en venta en Menorca con terraza. Propiedades de lujo con vistas al mar, amplios espacios y ubicaciones privilegiadas.","robots":{"index":"index","follow":"follow","max-snippet":"max-snippet:-1","max-image-preview":"max-image-preview:large","max-video-preview":"max-video-preview:-1"},"canonical":"https:\/\/menorcasa.com\/es\/villas\/villas-con-terraza\/","og_locale":"es_ES","og_type":"article","og_title":"Villas con terraza","og_description":"Descubre exclusivas villas en venta en Menorca con terraza. Propiedades de lujo con vistas al mar, amplios espacios y ubicaciones privilegiadas.","og_url":"https:\/\/menorcasa.com\/es\/villas\/villas-con-terraza\/","og_site_name":"Menorcasa","article_publisher":"https:\/\/www.facebook.com\/propertiesforsalemenorcasa\/","article_modified_time":"2025-03-13T13:08:05+00:00","og_image":[{"url":"https:\/\/menorcasa.com\/wp-content\/uploads\/2023\/04\/Binixica-26-488x326.jpg","type":"","width":"","height":""}],"twitter_card":"summary_large_image","twitter_misc":{"Tiempo de lectura":"3 minutos"},"schema":{"@context":"https:\/\/schema.org","@graph":[{"@type":"WebPage","@id":"https:\/\/menorcasa.com\/es\/villas\/villas-con-terraza\/","url":"https:\/\/menorcasa.com\/es\/villas\/villas-con-terraza\/","name":"Las mejores Villas con Terraza Menorca | Menorcasa","isPartOf":{"@id":"https:\/\/menorcasa.com\/es\/#website"},"primaryImageOfPage":{"@id":"https:\/\/menorcasa.com\/es\/villas\/villas-con-terraza\/#primaryimage"},"image":{"@id":"https:\/\/menorcasa.com\/es\/villas\/villas-con-terraza\/#primaryimage"},"thumbnailUrl":"https:\/\/menorcasa.com\/wp-content\/uploads\/2023\/04\/Binixica-26-488x326.jpg","datePublished":"2025-03-13T08:09:31+00:00","dateModified":"2025-03-13T13:08:05+00:00","description":"Descubre exclusivas villas en venta en Menorca con terraza. Propiedades de lujo con vistas al mar, amplios espacios y ubicaciones privilegiadas.","breadcrumb":{"@id":"https:\/\/menorcasa.com\/es\/villas\/villas-con-terraza\/#breadcrumb"},"inLanguage":"es","potentialAction":[{"@type":"ReadAction","target":["https:\/\/menorcasa.com\/es\/villas\/villas-con-terraza\/"]}]},{"@type":"ImageObject","inLanguage":"es","@id":"https:\/\/menorcasa.com\/es\/villas\/villas-con-terraza\/#primaryimage","url":"https:\/\/menorcasa.com\/wp-content\/uploads\/2023\/04\/Binixica-26-488x326.jpg","contentUrl":"https:\/\/menorcasa.com\/wp-content\/uploads\/2023\/04\/Binixica-26-488x326.jpg"},{"@type":"BreadcrumbList","@id":"https:\/\/menorcasa.com\/es\/villas\/villas-con-terraza\/#breadcrumb","itemListElement":[{"@type":"ListItem","position":1,"name":"Propiedades en Venta en Menorca","item":"https:\/\/menorcasa.com\/es\/"},{"@type":"ListItem","position":2,"name":"Villas en venta en Menorca","item":"https:\/\/menorcasa.com\/es\/villas\/"},{"@type":"ListItem","position":3,"name":"Villas con terraza"}]},{"@type":"WebSite","@id":"https:\/\/menorcasa.com\/es\/#website","url":"https:\/\/menorcasa.com\/es\/","name":"Menorcasa","description":"properties for sale in menorca: villas, apartments, homes and more","publisher":{"@id":"https:\/\/menorcasa.com\/es\/#organization"},"potentialAction":[{"@type":"SearchAction","target":{"@type":"EntryPoint","urlTemplate":"https:\/\/menorcasa.com\/es\/?s={search_term_string}"},"query-input":{"@type":"PropertyValueSpecification","valueRequired":true,"valueName":"search_term_string"}}],"inLanguage":"es"},{"@type":"Organization","@id":"https:\/\/menorcasa.com\/es\/#organization","name":"Menorcasa","url":"https:\/\/menorcasa.com\/es\/","logo":{"@type":"ImageObject","inLanguage":"es","@id":"https:\/\/menorcasa.com\/es\/#\/schema\/logo\/image\/","url":"","contentUrl":"","caption":"Menorcasa"},"image":{"@id":"https:\/\/menorcasa.com\/es\/#\/schema\/logo\/image\/"},"sameAs":["https:\/\/www.facebook.com\/propertiesforsalemenorcasa\/","https:\/\/www.instagram.com\/menorcasaproperties\/"]}]}},"_links":{"self":[{"href":"https:\/\/menorcasa.com\/es\/wp-json\/wp\/v2\/pages\/149267","targetHints":{"allow":["GET"]}}],"collection":[{"href":"https:\/\/menorcasa.com\/es\/wp-json\/wp\/v2\/pages"}],"about":[{"href":"https:\/\/menorcasa.com\/es\/wp-json\/wp\/v2\/types\/page"}],"author":[{"embeddable":true,"href":"https:\/\/menorcasa.com\/es\/wp-json\/wp\/v2\/users\/30"}],"replies":[{"embeddable":true,"href":"https:\/\/menorcasa.com\/es\/wp-json\/wp\/v2\/comments?post=149267"}],"version-history":[{"count":0,"href":"https:\/\/menorcasa.com\/es\/wp-json\/wp\/v2\/pages\/149267\/revisions"}],"up":[{"embeddable":true,"href":"https:\/\/menorcasa.com\/es\/wp-json\/wp\/v2\/pages\/113464"}],"wp:attachment":[{"href":"https:\/\/menorcasa.com\/es\/wp-json\/wp\/v2\/media?parent=149267"}],"curies":[{"name":"wp","href":"https:\/\/api.w.org\/{rel}","templated":true}]}}