{"id":149269,"date":"2025-03-13T09:13:13","date_gmt":"2025-03-13T08:13:13","guid":{"rendered":"https:\/\/menorcasa.com\/villas\/villas-avec-terrasse\/"},"modified":"2025-03-13T14:10:54","modified_gmt":"2025-03-13T13:10:54","slug":"villas-avec-terrasse","status":"publish","type":"page","link":"https:\/\/menorcasa.com\/fr\/villas\/villas-avec-terrasse\/","title":{"rendered":"Villas avec terrasse"},"content":{"rendered":"\t\t<div data-elementor-type=\"wp-page\" data-elementor-id=\"149269\" class=\"elementor elementor-149269 elementor-149262\" data-elementor-post-type=\"page\">\n\t\t\t\t\t\t<section class=\"elementor-section elementor-top-section elementor-element elementor-element-4c01df7d elementor-section-full_width elementor-section-height-min-height elementor-section-height-default elementor-section-items-middle\" data-id=\"4c01df7d\" data-element_type=\"section\" data-settings=\"{&quot;background_background&quot;:&quot;classic&quot;}\">\n\t\t\t\t\t\t\t<div class=\"elementor-background-overlay\"><\/div>\n\t\t\t\t\t\t\t<div class=\"elementor-container elementor-column-gap-no\">\n\t\t\t\t\t<div class=\"elementor-column elementor-col-100 elementor-top-column elementor-element elementor-element-2d7f1936\" data-id=\"2d7f1936\" data-element_type=\"column\">\n\t\t\t<div class=\"elementor-widget-wrap elementor-element-populated\">\n\t\t\t\t\t\t<section class=\"elementor-section elementor-inner-section elementor-element elementor-element-9d891e2 elementor-section-boxed elementor-section-height-default elementor-section-height-default\" data-id=\"9d891e2\" data-element_type=\"section\">\n\t\t\t\t\t\t<div class=\"elementor-container elementor-column-gap-default\">\n\t\t\t\t\t<div class=\"elementor-column elementor-col-100 elementor-inner-column elementor-element elementor-element-6e628380\" data-id=\"6e628380\" data-element_type=\"column\">\n\t\t\t<div class=\"elementor-widget-wrap elementor-element-populated\">\n\t\t\t\t\t\t<div class=\"elementor-element elementor-element-5b50058e elementor-widget elementor-widget-heading\" data-id=\"5b50058e\" data-element_type=\"widget\" data-widget_type=\"heading.default\">\n\t\t\t\t<div class=\"elementor-widget-container\">\n\t\t\t\t\t<h1 class=\"elementor-heading-title elementor-size-default\">Villas \u00e0 vendre \u00e0 Minorque avec terrasse<\/h1>\t\t\t\t<\/div>\n\t\t\t\t<\/div>\n\t\t\t\t\t<\/div>\n\t\t<\/div>\n\t\t\t\t\t<\/div>\n\t\t<\/section>\n\t\t\t\t\t<\/div>\n\t\t<\/div>\n\t\t\t\t\t<\/div>\n\t\t<\/section>\n\t\t\t\t<section class=\"elementor-section elementor-top-section elementor-element elementor-element-36af22a1 elementor-section-boxed elementor-section-height-default elementor-section-height-default\" data-id=\"36af22a1\" data-element_type=\"section\" data-settings=\"{&quot;background_background&quot;:&quot;classic&quot;}\">\n\t\t\t\t\t\t<div class=\"elementor-container elementor-column-gap-default\">\n\t\t\t\t\t<div class=\"elementor-column elementor-col-100 elementor-top-column elementor-element elementor-element-106a7074\" data-id=\"106a7074\" data-element_type=\"column\">\n\t\t\t<div class=\"elementor-widget-wrap elementor-element-populated\">\n\t\t\t\t\t\t<div class=\"elementor-element elementor-element-5ec2b17 elementor-widget elementor-widget-shortcode\" data-id=\"5ec2b17\" data-element_type=\"widget\" data-widget_type=\"shortcode.default\">\n\t\t\t\t<div class=\"elementor-widget-container\">\n\t\t\t\t\t\t\t<div class=\"elementor-shortcode\"><span><span><a href=\"https:\/\/menorcasa.com\/fr\/\">Immobilier \u00e0 Minorque<\/a><\/span><\/span><\/div>\n\t\t\t\t\t\t<\/div>\n\t\t\t\t<\/div>\n\t\t\t\t<div class=\"elementor-element elementor-element-17629005 elementor-widget elementor-widget-rhea-properties-widget\" data-id=\"17629005\" data-element_type=\"widget\" data-widget_type=\"rhea-properties-widget.default\">\n\t\t\t\t<div class=\"elementor-widget-container\">\n\t\t\t\t\t        <section id=\"rh-17629005\" class=\"rh_elementor_widget rh_latest-properties rhea_properties_default rhea_ele_property_ajax_target rhea_latest_properties_ajax elementor_properties_grid elementor_property_card_parent rhea_has_tooltip\">\n            \n<div class=\"container-latest-properties\">\n    <div class=\"wrapper-section-contents\">\n        <div class=\"home-properties-section-inner home-properties-section-inner-target\">\n\t\t\t                <div class=\"rh_properties_element rh_properties_pagination_append\">\n\t\t\t\t                    <div class=\"wrapper_properties_ele\">\n\n                        <article class=\"rh_prop_card_elementor\">\n\n                            <div class=\"rh_prop_card__wrap\">\n\n\t\t\t\t\t\t\t\t\n                                <figure class=\"rh_prop_card__thumbnail\">\n                                    <div class=\"rhea_figure_property_one\">\n                                        <div class=\"rhea_top_tags_box\">\n\t                                                                            <\/div>\n                                        <a href=\"https:\/\/menorcasa.com\/fr\/property\/villa-individuelle-epoustouflante-a-binixica-mahon\/\">\n\t\t\t\t\t\t\t\t\t\t\t<img fetchpriority=\"high\" decoding=\"async\" width=\"488\" height=\"326\" src=\"https:\/\/menorcasa.com\/wp-content\/uploads\/2023\/04\/Binixica-26-488x326.jpg\" class=\"attachment-property-thumb-image size-property-thumb-image wp-post-image\" alt=\"Binixica 26\" srcset=\"https:\/\/menorcasa.com\/wp-content\/uploads\/2023\/04\/Binixica-26-488x326.jpg 488w, https:\/\/menorcasa.com\/wp-content\/uploads\/2023\/04\/Binixica-26-600x400.jpg 600w, https:\/\/menorcasa.com\/wp-content\/uploads\/2023\/04\/Binixica-26-500x333.jpg 500w, https:\/\/menorcasa.com\/wp-content\/uploads\/2023\/04\/Binixica-26-768x512.jpg 768w, https:\/\/menorcasa.com\/wp-content\/uploads\/2023\/04\/Binixica-26-150x100.jpg 150w, https:\/\/menorcasa.com\/wp-content\/uploads\/2023\/04\/Binixica-26.jpg 870w\" sizes=\"(max-width: 488px) 100vw, 488px\" \/>                                        <\/a>\n\n                                        <div class=\"rh_overlay\"><\/div>\n                                        <div class=\"rh_overlay__contents rh_overlay__fadeIn-bottom\">\n                                            <a href=\"https:\/\/menorcasa.com\/fr\/property\/villa-individuelle-epoustouflante-a-binixica-mahon\/\">Voir la Propri\u00e9t\u00e9                                            <\/a>\n                                        <\/div>\n\t\t\t\t\t\t\t\t\t\t\n                                    <\/div>\n\n                                    <div class=\"rh_prop_card__btns\">\n\t\t\t\t\t\t\t\t\t\t                                    <\/div>\n                                <\/figure>\n\n                                <div class=\"rh_prop_card__details_elementor\">\n\n                                    <h3><a href=\"https:\/\/menorcasa.com\/fr\/property\/villa-individuelle-epoustouflante-a-binixica-mahon\/\">Villa individuelle \u00e9poustouflante \u00e0 Binixica, Mahon<\/a><\/h3>\n\n\t\t\t\t\t\t\t\t\t\n                                        <p class=\"rh_prop_card__excerpt\">PROPRI\u00c9T\u00c9 SPACIEUSE AVEC ANNEXE POUR INVIT\u00c9S &nbsp; Ver esta publicaci\u00f3n&hellip;<\/p>\n\n\t\t\t\t\t\t\t\t\t\t\n                                    <div class=\"rh_prop_card__meta_wrap_elementor\">\n\n\t\t\t\t\t\t\t\t\t\t\n\n\t<div class=\"rh_prop_card_meta_wrap_stylish\">\n\t\t            <div class=\"rh_prop_card__meta\">\n\t\t\t\t                    <span class=\"rhea_meta_titles\">Chambres<\/span>\n\t\t\t\t\t                <div class=\"rhea_meta_icon_wrapper\">\n\t\t\t\t\t<svg class=\"rh_svg\" xmlns=\"http:\/\/www.w3.org\/2000\/svg\" width=\"24\" height=\"24\" viewBox=\"0 0 24 24\">\n <defs>\n  <\/defs>\n  <path d=\"M1111.91,600.993h16.17a2.635,2.635,0,0,1,2.68,1.773l1.21,11.358a2.456,2.456,0,0,1-2.61,2.875h-18.73a2.46,2.46,0,0,1-2.61-2.875l1.21-11.358A2.635,2.635,0,0,1,1111.91,600.993Zm0.66-7.994h3.86c1.09,0,2.57.135,2.57,1l0.01,3.463c0.14,0.838-1.72,1.539-2.93,1.539h-4.17c-1.21,0-2.07-.7-1.92-1.539l0.37-3.139A2.146,2.146,0,0,1,1112.57,593Zm11,0h3.86a2.123,2.123,0,0,1,2.2,1.325l0.38,3.139c0.14,0.838-.72,1.539-1.93,1.539h-5.17c-1.21,0-2.07-.7-1.92-1.539L1121,594C1121,593.1,1122.48,593,1123.57,593Z\" transform=\"translate(-1108 -593)\"\/>\n<\/svg>\n                    <span class=\"figure\">7<\/span>\n\t\t\t\t\t                <\/div>\n            <\/div>\n\t\t\t            <div class=\"rh_prop_card__meta\">\n\t\t\t\t                    <span class=\"rhea_meta_titles\">Zone<\/span>\n\t\t\t\t\t                <div class=\"rhea_meta_icon_wrapper\">\n\t\t\t\t\t<svg class=\"rh_svg\" version=\"1.1\" xmlns=\"http:\/\/www.w3.org\/2000\/svg\" xmlns:xlink=\"http:\/\/www.w3.org\/1999\/xlink\" x=\"0px\" y=\"0px\"\n\t width=\"24px\" height=\"24px\" viewBox=\"0 0 24 24\" enable-background=\"new 0 0 24 24\" xml:space=\"preserve\">\n<g>\n\t<circle cx=\"2\" cy=\"2\" r=\"2\"\/>\n<\/g>\n<g>\n\t<circle cx=\"2\" cy=\"22\" r=\"2\"\/>\n<\/g>\n<g>\n\t<circle cx=\"22\" cy=\"2\" r=\"2\"\/>\n<\/g>\n<rect x=\"1\" y=\"1\" width=\"2\" height=\"22\"\/>\n<rect x=\"1\" y=\"1\" width=\"22\" height=\"2\"\/>\n<path opacity=\"0.5\" d=\"M23,20.277V1h-2v19.277C20.7,20.452,20.452,20.7,20.277,21H1v2h19.277c0.347,0.596,0.984,1,1.723,1\n\tc1.104,0,2-0.896,2-2C24,21.262,23.596,20.624,23,20.277z\"\/>\n<\/svg>\n                    <span class=\"figure\">958<\/span>\n\t\t\t\t\t                        <span class=\"label\">mts2<\/span>\n\t\t\t\t\t                <\/div>\n            <\/div>\n\t\t\t\t<\/div>\n\t\n\n\n\n\n                                    <\/div>\n\n                                    <div class=\"rh_prop_card__priceLabel \">\n                                        <div class=\"rhea_property_price_box\">\n                                            <span class=\"rh_prop_card__status\">\n                                                VENTE                                            <\/span>\n                                            <p class=\"rh_prop_card__price\">\n\t\t\t\t\t\t\t\t\t\t\t\t 1,975,000\u20ac                                             <\/p>\n\n                                        <\/div>\n\t\t\t\t\t\t\t\t\t\t                                    <\/div>\n\n                                <\/div>\n\n                            <\/div>\n\n                        <\/article>\n\n                    <\/div>\n\t\t\t\t\t                    <div class=\"wrapper_properties_ele\">\n\n                        <article class=\"rh_prop_card_elementor\">\n\n                            <div class=\"rh_prop_card__wrap\">\n\n\t\t\t\t\t\t\t\t\n                                <figure class=\"rh_prop_card__thumbnail\">\n                                    <div class=\"rhea_figure_property_one\">\n                                        <div class=\"rhea_top_tags_box\">\n\t                                                                            <\/div>\n                                        <a href=\"https:\/\/menorcasa.com\/fr\/property\/\">\n\t\t\t\t\t\t\t\t\t\t\t<img decoding=\"async\" width=\"488\" height=\"326\" src=\"https:\/\/menorcasa.com\/wp-content\/uploads\/2026\/02\/Picture-85486886-1-2-488x326.jpg\" class=\"attachment-property-thumb-image size-property-thumb-image wp-post-image\" alt=\"\" srcset=\"https:\/\/menorcasa.com\/wp-content\/uploads\/2026\/02\/Picture-85486886-1-2-488x326.jpg 488w, https:\/\/menorcasa.com\/wp-content\/uploads\/2026\/02\/Picture-85486886-1-2-500x334.jpg 500w, https:\/\/menorcasa.com\/wp-content\/uploads\/2026\/02\/Picture-85486886-1-2-768x514.jpg 768w, https:\/\/menorcasa.com\/wp-content\/uploads\/2026\/02\/Picture-85486886-1-2-150x100.jpg 150w, https:\/\/menorcasa.com\/wp-content\/uploads\/2026\/02\/Picture-85486886-1-2.jpg 1024w\" sizes=\"(max-width: 488px) 100vw, 488px\" \/>                                        <\/a>\n\n                                        <div class=\"rh_overlay\"><\/div>\n                                        <div class=\"rh_overlay__contents rh_overlay__fadeIn-bottom\">\n                                            <a href=\"https:\/\/menorcasa.com\/fr\/property\/\">Voir la Propri\u00e9t\u00e9                                            <\/a>\n                                        <\/div>\n\t\t\t\t\t\t\t\t\t\t\n                                    <\/div>\n\n                                    <div class=\"rh_prop_card__btns\">\n\t\t\t\t\t\t\t\t\t\t                                    <\/div>\n                                <\/figure>\n\n                                <div class=\"rh_prop_card__details_elementor\">\n\n                                    <h3><a href=\"https:\/\/menorcasa.com\/fr\/property\/\">Villa individuelle avec vue sur mer \u00e0 Binisafuller<\/a><\/h3>\n\n\t\t\t\t\t\t\t\t\t\n                                        <p class=\"rh_prop_card__excerpt\">MAISON 3 CHAMBRES AVEC LICENCE TOURISTIQUE Magnifique villa neuve \u00e0&hellip;<\/p>\n\n\t\t\t\t\t\t\t\t\t\t\n                                    <div class=\"rh_prop_card__meta_wrap_elementor\">\n\n\t\t\t\t\t\t\t\t\t\t\n\n\t<div class=\"rh_prop_card_meta_wrap_stylish\">\n\t\t            <div class=\"rh_prop_card__meta\">\n\t\t\t\t                    <span class=\"rhea_meta_titles\">Chambres<\/span>\n\t\t\t\t\t                <div class=\"rhea_meta_icon_wrapper\">\n\t\t\t\t\t<svg class=\"rh_svg\" xmlns=\"http:\/\/www.w3.org\/2000\/svg\" width=\"24\" height=\"24\" viewBox=\"0 0 24 24\">\n <defs>\n  <\/defs>\n  <path d=\"M1111.91,600.993h16.17a2.635,2.635,0,0,1,2.68,1.773l1.21,11.358a2.456,2.456,0,0,1-2.61,2.875h-18.73a2.46,2.46,0,0,1-2.61-2.875l1.21-11.358A2.635,2.635,0,0,1,1111.91,600.993Zm0.66-7.994h3.86c1.09,0,2.57.135,2.57,1l0.01,3.463c0.14,0.838-1.72,1.539-2.93,1.539h-4.17c-1.21,0-2.07-.7-1.92-1.539l0.37-3.139A2.146,2.146,0,0,1,1112.57,593Zm11,0h3.86a2.123,2.123,0,0,1,2.2,1.325l0.38,3.139c0.14,0.838-.72,1.539-1.93,1.539h-5.17c-1.21,0-2.07-.7-1.92-1.539L1121,594C1121,593.1,1122.48,593,1123.57,593Z\" transform=\"translate(-1108 -593)\"\/>\n<\/svg>\n                    <span class=\"figure\">3<\/span>\n\t\t\t\t\t                <\/div>\n            <\/div>\n\t\t\t            <div class=\"rh_prop_card__meta\">\n\t\t\t\t                    <span class=\"rhea_meta_titles\">Salles de bains<\/span>\n\t\t\t\t\t                <div class=\"rhea_meta_icon_wrapper\">\n\t\t\t\t\t<svg class=\"rh_svg\" xmlns=\"http:\/\/www.w3.org\/2000\/svg\" width=\"23.69\" height=\"24\" viewBox=\"0 0 23.69 24\">\n  <path d=\"M1204,601a8,8,0,0,1,16,0v16h-2V601a6,6,0,0,0-12,0v1h-2v-1Zm7,6a6,6,0,0,0-12,0h12Zm-6,2a1,1,0,0,1,1,1v1a1,1,0,0,1-2,0v-1A1,1,0,0,1,1205,609Zm0,5a1,1,0,0,1,1,1v1a1,1,0,0,1-2,0v-1A1,1,0,0,1,1205,614Zm4.94-5.343a1,1,0,0,1,1.28.6l0.69,0.878a1,1,0,0,1-1.88.685l-0.69-.879A1,1,0,0,1,1209.94,608.657Zm2.05,4.638a1,1,0,0,1,1.28.6l0.35,0.94a1.008,1.008,0,0,1-.6,1.282,1,1,0,0,1-1.28-.6l-0.35-.939A1.008,1.008,0,0,1,1211.99,613.295Zm-11.93-4.638a1,1,0,0,1,.6,1.282l-0.69.879a1,1,0,1,1-1.87-.682l0.68-.88A1,1,0,0,1,1200.06,608.657Zm-2.05,4.639a1,1,0,0,1,.6,1.281l-0.34.941a1,1,0,0,1-1.88-.683l0.34-.94A1,1,0,0,1,1198.01,613.3Z\" transform=\"translate(-1196.31 -593)\"\/>\n<\/svg>\n                    <span class=\"figure\">2<\/span>\n\t\t\t\t\t                <\/div>\n            <\/div>\n\t\t\t            <div class=\"rh_prop_card__meta\">\n\t\t\t\t                    <span class=\"rhea_meta_titles\">Zone<\/span>\n\t\t\t\t\t                <div class=\"rhea_meta_icon_wrapper\">\n\t\t\t\t\t<svg class=\"rh_svg\" version=\"1.1\" xmlns=\"http:\/\/www.w3.org\/2000\/svg\" xmlns:xlink=\"http:\/\/www.w3.org\/1999\/xlink\" x=\"0px\" y=\"0px\"\n\t width=\"24px\" height=\"24px\" viewBox=\"0 0 24 24\" enable-background=\"new 0 0 24 24\" xml:space=\"preserve\">\n<g>\n\t<circle cx=\"2\" cy=\"2\" r=\"2\"\/>\n<\/g>\n<g>\n\t<circle cx=\"2\" cy=\"22\" r=\"2\"\/>\n<\/g>\n<g>\n\t<circle cx=\"22\" cy=\"2\" r=\"2\"\/>\n<\/g>\n<rect x=\"1\" y=\"1\" width=\"2\" height=\"22\"\/>\n<rect x=\"1\" y=\"1\" width=\"22\" height=\"2\"\/>\n<path opacity=\"0.5\" d=\"M23,20.277V1h-2v19.277C20.7,20.452,20.452,20.7,20.277,21H1v2h19.277c0.347,0.596,0.984,1,1.723,1\n\tc1.104,0,2-0.896,2-2C24,21.262,23.596,20.624,23,20.277z\"\/>\n<\/svg>\n                    <span class=\"figure\">224<\/span>\n\t\t\t\t\t                        <span class=\"label\">m2<\/span>\n\t\t\t\t\t                <\/div>\n            <\/div>\n\t\t\t\t<\/div>\n\t\n\n\n\n\n                                    <\/div>\n\n                                    <div class=\"rh_prop_card__priceLabel \">\n                                        <div class=\"rhea_property_price_box\">\n                                            <span class=\"rh_prop_card__status\">\n                                                VENTE                                            <\/span>\n                                            <p class=\"rh_prop_card__price\">\n\t\t\t\t\t\t\t\t\t\t\t\t 1,785,000\u20ac                                             <\/p>\n\n                                        <\/div>\n\t\t\t\t\t\t\t\t\t\t                                    <\/div>\n\n                                <\/div>\n\n                            <\/div>\n\n                        <\/article>\n\n                    <\/div>\n\t\t\t\t\t                    <div class=\"wrapper_properties_ele\">\n\n                        <article class=\"rh_prop_card_elementor\">\n\n                            <div class=\"rh_prop_card__wrap\">\n\n\t\t\t\t\t\t\t\t\n                                <figure class=\"rh_prop_card__thumbnail\">\n                                    <div class=\"rhea_figure_property_one\">\n                                        <div class=\"rhea_top_tags_box\">\n\t                                                                            <\/div>\n                                        <a href=\"https:\/\/menorcasa.com\/fr\/property\/detached-front-line-villa-in-cala-llonga\/\">\n\t\t\t\t\t\t\t\t\t\t\t<img decoding=\"async\" width=\"488\" height=\"326\" src=\"https:\/\/menorcasa.com\/wp-content\/uploads\/2025\/06\/Cala-Llonga-50-488x326.jpg\" class=\"attachment-property-thumb-image size-property-thumb-image wp-post-image\" alt=\"\" srcset=\"https:\/\/menorcasa.com\/wp-content\/uploads\/2025\/06\/Cala-Llonga-50-488x326.jpg 488w, https:\/\/menorcasa.com\/wp-content\/uploads\/2025\/06\/Cala-Llonga-50-500x333.jpg 500w, https:\/\/menorcasa.com\/wp-content\/uploads\/2025\/06\/Cala-Llonga-50-768x512.jpg 768w, https:\/\/menorcasa.com\/wp-content\/uploads\/2025\/06\/Cala-Llonga-50-150x100.jpg 150w, https:\/\/menorcasa.com\/wp-content\/uploads\/2025\/06\/Cala-Llonga-50.jpg 870w\" sizes=\"(max-width: 488px) 100vw, 488px\" \/>                                        <\/a>\n\n                                        <div class=\"rh_overlay\"><\/div>\n                                        <div class=\"rh_overlay__contents rh_overlay__fadeIn-bottom\">\n                                            <a href=\"https:\/\/menorcasa.com\/fr\/property\/detached-front-line-villa-in-cala-llonga\/\">Voir la Propri\u00e9t\u00e9                                            <\/a>\n                                        <\/div>\n\t\t\t\t\t\t\t\t\t\t\n                                    <\/div>\n\n                                    <div class=\"rh_prop_card__btns\">\n\t\t\t\t\t\t\t\t\t\t                                    <\/div>\n                                <\/figure>\n\n                                <div class=\"rh_prop_card__details_elementor\">\n\n                                    <h3><a href=\"https:\/\/menorcasa.com\/fr\/property\/detached-front-line-villa-in-cala-llonga\/\">Villa individuelle en premi\u00e8re ligne \u00e0 Cala Llonga<\/a><\/h3>\n\n\t\t\t\t\t\t\t\t\t\n                                        <p class=\"rh_prop_card__excerpt\">MAGNIFIQUE VILLA AVEC VUE MER ET LICENCE TOURISTIQUE Cette impressionnante&hellip;<\/p>\n\n\t\t\t\t\t\t\t\t\t\t\n                                    <div class=\"rh_prop_card__meta_wrap_elementor\">\n\n\t\t\t\t\t\t\t\t\t\t\n\n\t<div class=\"rh_prop_card_meta_wrap_stylish\">\n\t\t            <div class=\"rh_prop_card__meta\">\n\t\t\t\t                    <span class=\"rhea_meta_titles\">Chambres<\/span>\n\t\t\t\t\t                <div class=\"rhea_meta_icon_wrapper\">\n\t\t\t\t\t<svg class=\"rh_svg\" xmlns=\"http:\/\/www.w3.org\/2000\/svg\" width=\"24\" height=\"24\" viewBox=\"0 0 24 24\">\n <defs>\n  <\/defs>\n  <path d=\"M1111.91,600.993h16.17a2.635,2.635,0,0,1,2.68,1.773l1.21,11.358a2.456,2.456,0,0,1-2.61,2.875h-18.73a2.46,2.46,0,0,1-2.61-2.875l1.21-11.358A2.635,2.635,0,0,1,1111.91,600.993Zm0.66-7.994h3.86c1.09,0,2.57.135,2.57,1l0.01,3.463c0.14,0.838-1.72,1.539-2.93,1.539h-4.17c-1.21,0-2.07-.7-1.92-1.539l0.37-3.139A2.146,2.146,0,0,1,1112.57,593Zm11,0h3.86a2.123,2.123,0,0,1,2.2,1.325l0.38,3.139c0.14,0.838-.72,1.539-1.93,1.539h-5.17c-1.21,0-2.07-.7-1.92-1.539L1121,594C1121,593.1,1122.48,593,1123.57,593Z\" transform=\"translate(-1108 -593)\"\/>\n<\/svg>\n                    <span class=\"figure\">5<\/span>\n\t\t\t\t\t                <\/div>\n            <\/div>\n\t\t\t            <div class=\"rh_prop_card__meta\">\n\t\t\t\t                    <span class=\"rhea_meta_titles\">Salles de bains<\/span>\n\t\t\t\t\t                <div class=\"rhea_meta_icon_wrapper\">\n\t\t\t\t\t<svg class=\"rh_svg\" xmlns=\"http:\/\/www.w3.org\/2000\/svg\" width=\"23.69\" height=\"24\" viewBox=\"0 0 23.69 24\">\n  <path d=\"M1204,601a8,8,0,0,1,16,0v16h-2V601a6,6,0,0,0-12,0v1h-2v-1Zm7,6a6,6,0,0,0-12,0h12Zm-6,2a1,1,0,0,1,1,1v1a1,1,0,0,1-2,0v-1A1,1,0,0,1,1205,609Zm0,5a1,1,0,0,1,1,1v1a1,1,0,0,1-2,0v-1A1,1,0,0,1,1205,614Zm4.94-5.343a1,1,0,0,1,1.28.6l0.69,0.878a1,1,0,0,1-1.88.685l-0.69-.879A1,1,0,0,1,1209.94,608.657Zm2.05,4.638a1,1,0,0,1,1.28.6l0.35,0.94a1.008,1.008,0,0,1-.6,1.282,1,1,0,0,1-1.28-.6l-0.35-.939A1.008,1.008,0,0,1,1211.99,613.295Zm-11.93-4.638a1,1,0,0,1,.6,1.282l-0.69.879a1,1,0,1,1-1.87-.682l0.68-.88A1,1,0,0,1,1200.06,608.657Zm-2.05,4.639a1,1,0,0,1,.6,1.281l-0.34.941a1,1,0,0,1-1.88-.683l0.34-.94A1,1,0,0,1,1198.01,613.3Z\" transform=\"translate(-1196.31 -593)\"\/>\n<\/svg>\n                    <span class=\"figure\">6<\/span>\n\t\t\t\t\t                <\/div>\n            <\/div>\n\t\t\t            <div class=\"rh_prop_card__meta\">\n\t\t\t\t                    <span class=\"rhea_meta_titles\">Zone<\/span>\n\t\t\t\t\t                <div class=\"rhea_meta_icon_wrapper\">\n\t\t\t\t\t<svg class=\"rh_svg\" version=\"1.1\" xmlns=\"http:\/\/www.w3.org\/2000\/svg\" xmlns:xlink=\"http:\/\/www.w3.org\/1999\/xlink\" x=\"0px\" y=\"0px\"\n\t width=\"24px\" height=\"24px\" viewBox=\"0 0 24 24\" enable-background=\"new 0 0 24 24\" xml:space=\"preserve\">\n<g>\n\t<circle cx=\"2\" cy=\"2\" r=\"2\"\/>\n<\/g>\n<g>\n\t<circle cx=\"2\" cy=\"22\" r=\"2\"\/>\n<\/g>\n<g>\n\t<circle cx=\"22\" cy=\"2\" r=\"2\"\/>\n<\/g>\n<rect x=\"1\" y=\"1\" width=\"2\" height=\"22\"\/>\n<rect x=\"1\" y=\"1\" width=\"22\" height=\"2\"\/>\n<path opacity=\"0.5\" d=\"M23,20.277V1h-2v19.277C20.7,20.452,20.452,20.7,20.277,21H1v2h19.277c0.347,0.596,0.984,1,1.723,1\n\tc1.104,0,2-0.896,2-2C24,21.262,23.596,20.624,23,20.277z\"\/>\n<\/svg>\n                    <span class=\"figure\">496<\/span>\n\t\t\t\t\t                        <span class=\"label\">mts2<\/span>\n\t\t\t\t\t                <\/div>\n            <\/div>\n\t\t\t\t<\/div>\n\t\n\n\n\n\n                                    <\/div>\n\n                                    <div class=\"rh_prop_card__priceLabel \">\n                                        <div class=\"rhea_property_price_box\">\n                                            <span class=\"rh_prop_card__status\">\n                                                VENTE                                            <\/span>\n                                            <p class=\"rh_prop_card__price\">\n\t\t\t\t\t\t\t\t\t\t\t\t 1,500,000\u20ac                                             <\/p>\n\n                                        <\/div>\n\t\t\t\t\t\t\t\t\t\t                                    <\/div>\n\n                                <\/div>\n\n                            <\/div>\n\n                        <\/article>\n\n                    <\/div>\n\t\t\t\t\t                    <div class=\"wrapper_properties_ele\">\n\n                        <article class=\"rh_prop_card_elementor\">\n\n                            <div class=\"rh_prop_card__wrap\">\n\n\t\t\t\t\t\t\t\t\n                                <figure class=\"rh_prop_card__thumbnail\">\n                                    <div class=\"rhea_figure_property_one\">\n                                        <div class=\"rhea_top_tags_box\">\n\t                                                                            <\/div>\n                                        <a href=\"https:\/\/menorcasa.com\/fr\/property\/detached-villa-with-seperate-apartment-santa-ana\/\">\n\t\t\t\t\t\t\t\t\t\t\t<img loading=\"lazy\" decoding=\"async\" width=\"488\" height=\"326\" src=\"https:\/\/menorcasa.com\/wp-content\/uploads\/2025\/06\/Santa-Ana-29-488x326.jpg\" class=\"attachment-property-thumb-image size-property-thumb-image wp-post-image\" alt=\"\" srcset=\"https:\/\/menorcasa.com\/wp-content\/uploads\/2025\/06\/Santa-Ana-29-488x326.jpg 488w, https:\/\/menorcasa.com\/wp-content\/uploads\/2025\/06\/Santa-Ana-29-500x333.jpg 500w, https:\/\/menorcasa.com\/wp-content\/uploads\/2025\/06\/Santa-Ana-29-768x512.jpg 768w, https:\/\/menorcasa.com\/wp-content\/uploads\/2025\/06\/Santa-Ana-29-150x100.jpg 150w, https:\/\/menorcasa.com\/wp-content\/uploads\/2025\/06\/Santa-Ana-29.jpg 870w\" sizes=\"(max-width: 488px) 100vw, 488px\" \/>                                        <\/a>\n\n                                        <div class=\"rh_overlay\"><\/div>\n                                        <div class=\"rh_overlay__contents rh_overlay__fadeIn-bottom\">\n                                            <a href=\"https:\/\/menorcasa.com\/fr\/property\/detached-villa-with-seperate-apartment-santa-ana\/\">Voir la Propri\u00e9t\u00e9                                            <\/a>\n                                        <\/div>\n\t\t\t\t\t\t\t\t\t\t\n                                    <\/div>\n\n                                    <div class=\"rh_prop_card__btns\">\n\t\t\t\t\t\t\t\t\t\t                                    <\/div>\n                                <\/figure>\n\n                                <div class=\"rh_prop_card__details_elementor\">\n\n                                    <h3><a href=\"https:\/\/menorcasa.com\/fr\/property\/detached-villa-with-seperate-apartment-santa-ana\/\">Villa individuelle avec appartement s\u00e9par\u00e9, Santa Ana<\/a><\/h3>\n\n\t\t\t\t\t\t\t\t\t\n                                        <p class=\"rh_prop_card__excerpt\">MAGNIFIQUE PROPRI\u00c9T\u00c9 AVEC PISCINE Situ\u00e9e au fond d&rsquo;une petite impasse&hellip;<\/p>\n\n\t\t\t\t\t\t\t\t\t\t\n                                    <div class=\"rh_prop_card__meta_wrap_elementor\">\n\n\t\t\t\t\t\t\t\t\t\t\n\n\t<div class=\"rh_prop_card_meta_wrap_stylish\">\n\t\t            <div class=\"rh_prop_card__meta\">\n\t\t\t\t                    <span class=\"rhea_meta_titles\">Chambres<\/span>\n\t\t\t\t\t                <div class=\"rhea_meta_icon_wrapper\">\n\t\t\t\t\t<svg class=\"rh_svg\" xmlns=\"http:\/\/www.w3.org\/2000\/svg\" width=\"24\" height=\"24\" viewBox=\"0 0 24 24\">\n <defs>\n  <\/defs>\n  <path d=\"M1111.91,600.993h16.17a2.635,2.635,0,0,1,2.68,1.773l1.21,11.358a2.456,2.456,0,0,1-2.61,2.875h-18.73a2.46,2.46,0,0,1-2.61-2.875l1.21-11.358A2.635,2.635,0,0,1,1111.91,600.993Zm0.66-7.994h3.86c1.09,0,2.57.135,2.57,1l0.01,3.463c0.14,0.838-1.72,1.539-2.93,1.539h-4.17c-1.21,0-2.07-.7-1.92-1.539l0.37-3.139A2.146,2.146,0,0,1,1112.57,593Zm11,0h3.86a2.123,2.123,0,0,1,2.2,1.325l0.38,3.139c0.14,0.838-.72,1.539-1.93,1.539h-5.17c-1.21,0-2.07-.7-1.92-1.539L1121,594C1121,593.1,1122.48,593,1123.57,593Z\" transform=\"translate(-1108 -593)\"\/>\n<\/svg>\n                    <span class=\"figure\">6<\/span>\n\t\t\t\t\t                <\/div>\n            <\/div>\n\t\t\t            <div class=\"rh_prop_card__meta\">\n\t\t\t\t                    <span class=\"rhea_meta_titles\">Salles de bains<\/span>\n\t\t\t\t\t                <div class=\"rhea_meta_icon_wrapper\">\n\t\t\t\t\t<svg class=\"rh_svg\" xmlns=\"http:\/\/www.w3.org\/2000\/svg\" width=\"23.69\" height=\"24\" viewBox=\"0 0 23.69 24\">\n  <path d=\"M1204,601a8,8,0,0,1,16,0v16h-2V601a6,6,0,0,0-12,0v1h-2v-1Zm7,6a6,6,0,0,0-12,0h12Zm-6,2a1,1,0,0,1,1,1v1a1,1,0,0,1-2,0v-1A1,1,0,0,1,1205,609Zm0,5a1,1,0,0,1,1,1v1a1,1,0,0,1-2,0v-1A1,1,0,0,1,1205,614Zm4.94-5.343a1,1,0,0,1,1.28.6l0.69,0.878a1,1,0,0,1-1.88.685l-0.69-.879A1,1,0,0,1,1209.94,608.657Zm2.05,4.638a1,1,0,0,1,1.28.6l0.35,0.94a1.008,1.008,0,0,1-.6,1.282,1,1,0,0,1-1.28-.6l-0.35-.939A1.008,1.008,0,0,1,1211.99,613.295Zm-11.93-4.638a1,1,0,0,1,.6,1.282l-0.69.879a1,1,0,1,1-1.87-.682l0.68-.88A1,1,0,0,1,1200.06,608.657Zm-2.05,4.639a1,1,0,0,1,.6,1.281l-0.34.941a1,1,0,0,1-1.88-.683l0.34-.94A1,1,0,0,1,1198.01,613.3Z\" transform=\"translate(-1196.31 -593)\"\/>\n<\/svg>\n                    <span class=\"figure\">5<\/span>\n\t\t\t\t\t                <\/div>\n            <\/div>\n\t\t\t            <div class=\"rh_prop_card__meta\">\n\t\t\t\t                    <span class=\"rhea_meta_titles\">Zone<\/span>\n\t\t\t\t\t                <div class=\"rhea_meta_icon_wrapper\">\n\t\t\t\t\t<svg class=\"rh_svg\" version=\"1.1\" xmlns=\"http:\/\/www.w3.org\/2000\/svg\" xmlns:xlink=\"http:\/\/www.w3.org\/1999\/xlink\" x=\"0px\" y=\"0px\"\n\t width=\"24px\" height=\"24px\" viewBox=\"0 0 24 24\" enable-background=\"new 0 0 24 24\" xml:space=\"preserve\">\n<g>\n\t<circle cx=\"2\" cy=\"2\" r=\"2\"\/>\n<\/g>\n<g>\n\t<circle cx=\"2\" cy=\"22\" r=\"2\"\/>\n<\/g>\n<g>\n\t<circle cx=\"22\" cy=\"2\" r=\"2\"\/>\n<\/g>\n<rect x=\"1\" y=\"1\" width=\"2\" height=\"22\"\/>\n<rect x=\"1\" y=\"1\" width=\"22\" height=\"2\"\/>\n<path opacity=\"0.5\" d=\"M23,20.277V1h-2v19.277C20.7,20.452,20.452,20.7,20.277,21H1v2h19.277c0.347,0.596,0.984,1,1.723,1\n\tc1.104,0,2-0.896,2-2C24,21.262,23.596,20.624,23,20.277z\"\/>\n<\/svg>\n                    <span class=\"figure\">285<\/span>\n\t\t\t\t\t                        <span class=\"label\">mts2<\/span>\n\t\t\t\t\t                <\/div>\n            <\/div>\n\t\t\t\t<\/div>\n\t\n\n\n\n\n                                    <\/div>\n\n                                    <div class=\"rh_prop_card__priceLabel \">\n                                        <div class=\"rhea_property_price_box\">\n                                            <span class=\"rh_prop_card__status\">\n                                                VENTE                                            <\/span>\n                                            <p class=\"rh_prop_card__price\">\n\t\t\t\t\t\t\t\t\t\t\t\t 1,250,000\u20ac                                             <\/p>\n\n                                        <\/div>\n\t\t\t\t\t\t\t\t\t\t                                    <\/div>\n\n                                <\/div>\n\n                            <\/div>\n\n                        <\/article>\n\n                    <\/div>\n\t\t\t\t\t                    <div class=\"wrapper_properties_ele\">\n\n                        <article class=\"rh_prop_card_elementor\">\n\n                            <div class=\"rh_prop_card__wrap\">\n\n\t\t\t\t\t\t\t\t\n                                <figure class=\"rh_prop_card__thumbnail\">\n                                    <div class=\"rhea_figure_property_one\">\n                                        <div class=\"rhea_top_tags_box\">\n\t                                                                            <\/div>\n                                        <a href=\"https:\/\/menorcasa.com\/fr\/property\/magnifique-villa-avec-vue-imprenable-sur-la-mer-a-son-bou\/\">\n\t\t\t\t\t\t\t\t\t\t\t<img loading=\"lazy\" decoding=\"async\" width=\"488\" height=\"326\" src=\"https:\/\/menorcasa.com\/wp-content\/uploads\/2024\/09\/Son-Bou-46-488x326.jpg\" class=\"attachment-property-thumb-image size-property-thumb-image wp-post-image\" alt=\"\" srcset=\"https:\/\/menorcasa.com\/wp-content\/uploads\/2024\/09\/Son-Bou-46-488x326.jpg 488w, https:\/\/menorcasa.com\/wp-content\/uploads\/2024\/09\/Son-Bou-46-500x333.jpg 500w, https:\/\/menorcasa.com\/wp-content\/uploads\/2024\/09\/Son-Bou-46-768x512.jpg 768w, https:\/\/menorcasa.com\/wp-content\/uploads\/2024\/09\/Son-Bou-46-150x100.jpg 150w, https:\/\/menorcasa.com\/wp-content\/uploads\/2024\/09\/Son-Bou-46.jpg 870w\" sizes=\"(max-width: 488px) 100vw, 488px\" \/>                                        <\/a>\n\n                                        <div class=\"rh_overlay\"><\/div>\n                                        <div class=\"rh_overlay__contents rh_overlay__fadeIn-bottom\">\n                                            <a href=\"https:\/\/menorcasa.com\/fr\/property\/magnifique-villa-avec-vue-imprenable-sur-la-mer-a-son-bou\/\">Voir la Propri\u00e9t\u00e9                                            <\/a>\n                                        <\/div>\n\t\t\t\t\t\t\t\t\t\t\n                                    <\/div>\n\n                                    <div class=\"rh_prop_card__btns\">\n\t\t\t\t\t\t\t\t\t\t                                    <\/div>\n                                <\/figure>\n\n                                <div class=\"rh_prop_card__details_elementor\">\n\n                                    <h3><a href=\"https:\/\/menorcasa.com\/fr\/property\/magnifique-villa-avec-vue-imprenable-sur-la-mer-a-son-bou\/\">Magnifique villa avec une vue imprenable sur la mer \u00e0 Son Bou<\/a><\/h3>\n\n\t\t\t\t\t\t\t\t\t\n                                        <p class=\"rh_prop_card__excerpt\">PROPRI\u00c9T\u00c9 DE 4 CHAMBRES AVEC VUES PANORAMIQUES Avec des vues&hellip;<\/p>\n\n\t\t\t\t\t\t\t\t\t\t\n                                    <div class=\"rh_prop_card__meta_wrap_elementor\">\n\n\t\t\t\t\t\t\t\t\t\t\n\n\t<div class=\"rh_prop_card_meta_wrap_stylish\">\n\t\t            <div class=\"rh_prop_card__meta\">\n\t\t\t\t                    <span class=\"rhea_meta_titles\">Chambres<\/span>\n\t\t\t\t\t                <div class=\"rhea_meta_icon_wrapper\">\n\t\t\t\t\t<svg class=\"rh_svg\" xmlns=\"http:\/\/www.w3.org\/2000\/svg\" width=\"24\" height=\"24\" viewBox=\"0 0 24 24\">\n <defs>\n  <\/defs>\n  <path d=\"M1111.91,600.993h16.17a2.635,2.635,0,0,1,2.68,1.773l1.21,11.358a2.456,2.456,0,0,1-2.61,2.875h-18.73a2.46,2.46,0,0,1-2.61-2.875l1.21-11.358A2.635,2.635,0,0,1,1111.91,600.993Zm0.66-7.994h3.86c1.09,0,2.57.135,2.57,1l0.01,3.463c0.14,0.838-1.72,1.539-2.93,1.539h-4.17c-1.21,0-2.07-.7-1.92-1.539l0.37-3.139A2.146,2.146,0,0,1,1112.57,593Zm11,0h3.86a2.123,2.123,0,0,1,2.2,1.325l0.38,3.139c0.14,0.838-.72,1.539-1.93,1.539h-5.17c-1.21,0-2.07-.7-1.92-1.539L1121,594C1121,593.1,1122.48,593,1123.57,593Z\" transform=\"translate(-1108 -593)\"\/>\n<\/svg>\n                    <span class=\"figure\">4<\/span>\n\t\t\t\t\t                <\/div>\n            <\/div>\n\t\t\t            <div class=\"rh_prop_card__meta\">\n\t\t\t\t                    <span class=\"rhea_meta_titles\">Salles de bains<\/span>\n\t\t\t\t\t                <div class=\"rhea_meta_icon_wrapper\">\n\t\t\t\t\t<svg class=\"rh_svg\" xmlns=\"http:\/\/www.w3.org\/2000\/svg\" width=\"23.69\" height=\"24\" viewBox=\"0 0 23.69 24\">\n  <path d=\"M1204,601a8,8,0,0,1,16,0v16h-2V601a6,6,0,0,0-12,0v1h-2v-1Zm7,6a6,6,0,0,0-12,0h12Zm-6,2a1,1,0,0,1,1,1v1a1,1,0,0,1-2,0v-1A1,1,0,0,1,1205,609Zm0,5a1,1,0,0,1,1,1v1a1,1,0,0,1-2,0v-1A1,1,0,0,1,1205,614Zm4.94-5.343a1,1,0,0,1,1.28.6l0.69,0.878a1,1,0,0,1-1.88.685l-0.69-.879A1,1,0,0,1,1209.94,608.657Zm2.05,4.638a1,1,0,0,1,1.28.6l0.35,0.94a1.008,1.008,0,0,1-.6,1.282,1,1,0,0,1-1.28-.6l-0.35-.939A1.008,1.008,0,0,1,1211.99,613.295Zm-11.93-4.638a1,1,0,0,1,.6,1.282l-0.69.879a1,1,0,1,1-1.87-.682l0.68-.88A1,1,0,0,1,1200.06,608.657Zm-2.05,4.639a1,1,0,0,1,.6,1.281l-0.34.941a1,1,0,0,1-1.88-.683l0.34-.94A1,1,0,0,1,1198.01,613.3Z\" transform=\"translate(-1196.31 -593)\"\/>\n<\/svg>\n                    <span class=\"figure\">5<\/span>\n\t\t\t\t\t                <\/div>\n            <\/div>\n\t\t\t            <div class=\"rh_prop_card__meta\">\n\t\t\t\t                    <span class=\"rhea_meta_titles\">Zone<\/span>\n\t\t\t\t\t                <div class=\"rhea_meta_icon_wrapper\">\n\t\t\t\t\t<svg class=\"rh_svg\" version=\"1.1\" xmlns=\"http:\/\/www.w3.org\/2000\/svg\" xmlns:xlink=\"http:\/\/www.w3.org\/1999\/xlink\" x=\"0px\" y=\"0px\"\n\t width=\"24px\" height=\"24px\" viewBox=\"0 0 24 24\" enable-background=\"new 0 0 24 24\" xml:space=\"preserve\">\n<g>\n\t<circle cx=\"2\" cy=\"2\" r=\"2\"\/>\n<\/g>\n<g>\n\t<circle cx=\"2\" cy=\"22\" r=\"2\"\/>\n<\/g>\n<g>\n\t<circle cx=\"22\" cy=\"2\" r=\"2\"\/>\n<\/g>\n<rect x=\"1\" y=\"1\" width=\"2\" height=\"22\"\/>\n<rect x=\"1\" y=\"1\" width=\"22\" height=\"2\"\/>\n<path opacity=\"0.5\" d=\"M23,20.277V1h-2v19.277C20.7,20.452,20.452,20.7,20.277,21H1v2h19.277c0.347,0.596,0.984,1,1.723,1\n\tc1.104,0,2-0.896,2-2C24,21.262,23.596,20.624,23,20.277z\"\/>\n<\/svg>\n                    <span class=\"figure\">248<\/span>\n\t\t\t\t\t                        <span class=\"label\">mts2<\/span>\n\t\t\t\t\t                <\/div>\n            <\/div>\n\t\t\t\t<\/div>\n\t\n\n\n\n\n                                    <\/div>\n\n                                    <div class=\"rh_prop_card__priceLabel \">\n                                        <div class=\"rhea_property_price_box\">\n                                            <span class=\"rh_prop_card__status\">\n                                                New, VENTE                                            <\/span>\n                                            <p class=\"rh_prop_card__price\">\n\t\t\t\t\t\t\t\t\t\t\t\t 1,200,000\u20ac                                             <\/p>\n\n                                        <\/div>\n\t\t\t\t\t\t\t\t\t\t                                    <\/div>\n\n                                <\/div>\n\n                            <\/div>\n\n                        <\/article>\n\n                    <\/div>\n\t\t\t\t\t                    <div class=\"wrapper_properties_ele\">\n\n                        <article class=\"rh_prop_card_elementor\">\n\n                            <div class=\"rh_prop_card__wrap\">\n\n\t\t\t\t\t\t\t\t\n                                <figure class=\"rh_prop_card__thumbnail\">\n                                    <div class=\"rhea_figure_property_one\">\n                                        <div class=\"rhea_top_tags_box\">\n\t                                                                            <\/div>\n                                        <a href=\"https:\/\/menorcasa.com\/fr\/property\/villa-individuelle-avec-licence-touristique-a-son-bou-minorque\/\">\n\t\t\t\t\t\t\t\t\t\t\t<img loading=\"lazy\" decoding=\"async\" width=\"488\" height=\"326\" src=\"https:\/\/menorcasa.com\/wp-content\/uploads\/2023\/11\/Son-Bou-32-488x326.jpg\" class=\"attachment-property-thumb-image size-property-thumb-image wp-post-image\" alt=\"\" srcset=\"https:\/\/menorcasa.com\/wp-content\/uploads\/2023\/11\/Son-Bou-32-488x326.jpg 488w, https:\/\/menorcasa.com\/wp-content\/uploads\/2023\/11\/Son-Bou-32-500x333.jpg 500w, https:\/\/menorcasa.com\/wp-content\/uploads\/2023\/11\/Son-Bou-32-768x512.jpg 768w, https:\/\/menorcasa.com\/wp-content\/uploads\/2023\/11\/Son-Bou-32-150x100.jpg 150w, https:\/\/menorcasa.com\/wp-content\/uploads\/2023\/11\/Son-Bou-32.jpg 870w\" sizes=\"(max-width: 488px) 100vw, 488px\" \/>                                        <\/a>\n\n                                        <div class=\"rh_overlay\"><\/div>\n                                        <div class=\"rh_overlay__contents rh_overlay__fadeIn-bottom\">\n                                            <a href=\"https:\/\/menorcasa.com\/fr\/property\/villa-individuelle-avec-licence-touristique-a-son-bou-minorque\/\">Voir la Propri\u00e9t\u00e9                                            <\/a>\n                                        <\/div>\n\t\t\t\t\t\t\t\t\t\t\n                                    <\/div>\n\n                                    <div class=\"rh_prop_card__btns\">\n\t\t\t\t\t\t\t\t\t\t                                    <\/div>\n                                <\/figure>\n\n                                <div class=\"rh_prop_card__details_elementor\">\n\n                                    <h3><a href=\"https:\/\/menorcasa.com\/fr\/property\/villa-individuelle-avec-licence-touristique-a-son-bou-minorque\/\">Villa individuelle avec licence touristique \u00e0 Son Bou, Minorque<\/a><\/h3>\n\n\t\t\t\t\t\t\t\t\t\n                                        <p class=\"rh_prop_card__excerpt\">3 CHAMBRES ET VUES FANTASTIQUES SUR LA MER Avec des&hellip;<\/p>\n\n\t\t\t\t\t\t\t\t\t\t\n                                    <div class=\"rh_prop_card__meta_wrap_elementor\">\n\n\t\t\t\t\t\t\t\t\t\t\n\n\t<div class=\"rh_prop_card_meta_wrap_stylish\">\n\t\t            <div class=\"rh_prop_card__meta\">\n\t\t\t\t                    <span class=\"rhea_meta_titles\">Chambres<\/span>\n\t\t\t\t\t                <div class=\"rhea_meta_icon_wrapper\">\n\t\t\t\t\t<svg class=\"rh_svg\" xmlns=\"http:\/\/www.w3.org\/2000\/svg\" width=\"24\" height=\"24\" viewBox=\"0 0 24 24\">\n <defs>\n  <\/defs>\n  <path d=\"M1111.91,600.993h16.17a2.635,2.635,0,0,1,2.68,1.773l1.21,11.358a2.456,2.456,0,0,1-2.61,2.875h-18.73a2.46,2.46,0,0,1-2.61-2.875l1.21-11.358A2.635,2.635,0,0,1,1111.91,600.993Zm0.66-7.994h3.86c1.09,0,2.57.135,2.57,1l0.01,3.463c0.14,0.838-1.72,1.539-2.93,1.539h-4.17c-1.21,0-2.07-.7-1.92-1.539l0.37-3.139A2.146,2.146,0,0,1,1112.57,593Zm11,0h3.86a2.123,2.123,0,0,1,2.2,1.325l0.38,3.139c0.14,0.838-.72,1.539-1.93,1.539h-5.17c-1.21,0-2.07-.7-1.92-1.539L1121,594C1121,593.1,1122.48,593,1123.57,593Z\" transform=\"translate(-1108 -593)\"\/>\n<\/svg>\n                    <span class=\"figure\">3<\/span>\n\t\t\t\t\t                <\/div>\n            <\/div>\n\t\t\t            <div class=\"rh_prop_card__meta\">\n\t\t\t\t                    <span class=\"rhea_meta_titles\">Salles de bains<\/span>\n\t\t\t\t\t                <div class=\"rhea_meta_icon_wrapper\">\n\t\t\t\t\t<svg class=\"rh_svg\" xmlns=\"http:\/\/www.w3.org\/2000\/svg\" width=\"23.69\" height=\"24\" viewBox=\"0 0 23.69 24\">\n  <path d=\"M1204,601a8,8,0,0,1,16,0v16h-2V601a6,6,0,0,0-12,0v1h-2v-1Zm7,6a6,6,0,0,0-12,0h12Zm-6,2a1,1,0,0,1,1,1v1a1,1,0,0,1-2,0v-1A1,1,0,0,1,1205,609Zm0,5a1,1,0,0,1,1,1v1a1,1,0,0,1-2,0v-1A1,1,0,0,1,1205,614Zm4.94-5.343a1,1,0,0,1,1.28.6l0.69,0.878a1,1,0,0,1-1.88.685l-0.69-.879A1,1,0,0,1,1209.94,608.657Zm2.05,4.638a1,1,0,0,1,1.28.6l0.35,0.94a1.008,1.008,0,0,1-.6,1.282,1,1,0,0,1-1.28-.6l-0.35-.939A1.008,1.008,0,0,1,1211.99,613.295Zm-11.93-4.638a1,1,0,0,1,.6,1.282l-0.69.879a1,1,0,1,1-1.87-.682l0.68-.88A1,1,0,0,1,1200.06,608.657Zm-2.05,4.639a1,1,0,0,1,.6,1.281l-0.34.941a1,1,0,0,1-1.88-.683l0.34-.94A1,1,0,0,1,1198.01,613.3Z\" transform=\"translate(-1196.31 -593)\"\/>\n<\/svg>\n                    <span class=\"figure\">3<\/span>\n\t\t\t\t\t                <\/div>\n            <\/div>\n\t\t\t            <div class=\"rh_prop_card__meta\">\n\t\t\t\t                    <span class=\"rhea_meta_titles\">Zone<\/span>\n\t\t\t\t\t                <div class=\"rhea_meta_icon_wrapper\">\n\t\t\t\t\t<svg class=\"rh_svg\" version=\"1.1\" xmlns=\"http:\/\/www.w3.org\/2000\/svg\" xmlns:xlink=\"http:\/\/www.w3.org\/1999\/xlink\" x=\"0px\" y=\"0px\"\n\t width=\"24px\" height=\"24px\" viewBox=\"0 0 24 24\" enable-background=\"new 0 0 24 24\" xml:space=\"preserve\">\n<g>\n\t<circle cx=\"2\" cy=\"2\" r=\"2\"\/>\n<\/g>\n<g>\n\t<circle cx=\"2\" cy=\"22\" r=\"2\"\/>\n<\/g>\n<g>\n\t<circle cx=\"22\" cy=\"2\" r=\"2\"\/>\n<\/g>\n<rect x=\"1\" y=\"1\" width=\"2\" height=\"22\"\/>\n<rect x=\"1\" y=\"1\" width=\"22\" height=\"2\"\/>\n<path opacity=\"0.5\" d=\"M23,20.277V1h-2v19.277C20.7,20.452,20.452,20.7,20.277,21H1v2h19.277c0.347,0.596,0.984,1,1.723,1\n\tc1.104,0,2-0.896,2-2C24,21.262,23.596,20.624,23,20.277z\"\/>\n<\/svg>\n                    <span class=\"figure\">240<\/span>\n\t\t\t\t\t                        <span class=\"label\">mts2<\/span>\n\t\t\t\t\t                <\/div>\n            <\/div>\n\t\t\t\t<\/div>\n\t\n\n\n\n\n                                    <\/div>\n\n                                    <div class=\"rh_prop_card__priceLabel \">\n                                        <div class=\"rhea_property_price_box\">\n                                            <span class=\"rh_prop_card__status\">\n                                                VENTE                                            <\/span>\n                                            <p class=\"rh_prop_card__price\">\n\t\t\t\t\t\t\t\t\t\t\t\t 1,100,000\u20ac                                             <\/p>\n\n                                        <\/div>\n\t\t\t\t\t\t\t\t\t\t                                    <\/div>\n\n                                <\/div>\n\n                            <\/div>\n\n                        <\/article>\n\n                    <\/div>\n\t\t\t\t\t                <\/div>                <div class=\"rhea_svg_loader\">\n\t\t\t\t\t<svg xmlns=\"http:\/\/www.w3.org\/2000\/svg\" viewBox=\"0 0 32 32\" width=\"32\" height=\"32\" fill=\"#dedede\">\n  <path transform=\"translate(2)\" d=\"M0 12 V20 H4 V12z\"> \n    <animate attributeName=\"d\" values=\"M0 12 V20 H4 V12z; M0 4 V28 H4 V4z; M0 12 V20 H4 V12z; M0 12 V20 H4 V12z\" dur=\"1.2s\" repeatCount=\"indefinite\" begin=\"0\" keytimes=\"0;.2;.5;1\" keySplines=\"0.2 0.2 0.4 0.8;0.2 0.6 0.4 0.8;0.2 0.8 0.4 0.8\" calcMode=\"spline\"  \/>\n  <\/path>\n  <path transform=\"translate(8)\" d=\"M0 12 V20 H4 V12z\">\n    <animate attributeName=\"d\" values=\"M0 12 V20 H4 V12z; M0 4 V28 H4 V4z; M0 12 V20 H4 V12z; M0 12 V20 H4 V12z\" dur=\"1.2s\" repeatCount=\"indefinite\" begin=\"0.2\" keytimes=\"0;.2;.5;1\" keySplines=\"0.2 0.2 0.4 0.8;0.2 0.6 0.4 0.8;0.2 0.8 0.4 0.8\" calcMode=\"spline\"  \/>\n  <\/path>\n  <path transform=\"translate(14)\" d=\"M0 12 V20 H4 V12z\">\n    <animate attributeName=\"d\" values=\"M0 12 V20 H4 V12z; M0 4 V28 H4 V4z; M0 12 V20 H4 V12z; M0 12 V20 H4 V12z\" dur=\"1.2s\" repeatCount=\"indefinite\" begin=\"0.4\" keytimes=\"0;.2;.5;1\" keySplines=\"0.2 0.2 0.4 0.8;0.2 0.6 0.4 0.8;0.2 0.8 0.4 0.8\" calcMode=\"spline\" \/>\n  <\/path>\n  <path transform=\"translate(20)\" d=\"M0 12 V20 H4 V12z\">\n    <animate attributeName=\"d\" values=\"M0 12 V20 H4 V12z; M0 4 V28 H4 V4z; M0 12 V20 H4 V12z; M0 12 V20 H4 V12z\" dur=\"1.2s\" repeatCount=\"indefinite\" begin=\"0.6\" keytimes=\"0;.2;.5;1\" keySplines=\"0.2 0.2 0.4 0.8;0.2 0.6 0.4 0.8;0.2 0.8 0.4 0.8\" calcMode=\"spline\" \/>\n  <\/path>\n  <path transform=\"translate(26)\" d=\"M0 12 V20 H4 V12z\">\n    <animate attributeName=\"d\" values=\"M0 12 V20 H4 V12z; M0 4 V28 H4 V4z; M0 12 V20 H4 V12z; M0 12 V20 H4 V12z\" dur=\"1.2s\" repeatCount=\"indefinite\" begin=\"0.8\" keytimes=\"0;.2;.5;1\" keySplines=\"0.2 0.2 0.4 0.8;0.2 0.6 0.4 0.8;0.2 0.8 0.4 0.8\" calcMode=\"spline\" \/>\n  <\/path>\n<\/svg>\n                <\/div>\n\t\t\t\t<div class='rhea_pagination_wrapper'><div class='pagination rhea-pagination-clean'><a href='https:\/\/menorcasa.com\/fr\/wp-json\/wp\/v2\/pages\/149269\/' class='real-btn current' >1<\/a> <a href='https:\/\/menorcasa.com\/fr\/wp-json\/wp\/v2\/pages\/149269\/page\/2\/' class='real-btn' >2<\/a> <a href='https:\/\/menorcasa.com\/fr\/wp-json\/wp\/v2\/pages\/149269\/page\/3\/' class='real-btn' >3<\/a> <a href='https:\/\/menorcasa.com\/fr\/wp-json\/wp\/v2\/pages\/149269\/page\/4\/' class='real-btn' >4<\/a> <a href='https:\/\/menorcasa.com\/fr\/wp-json\/wp\/v2\/pages\/149269\/page\/2\/' class='real-btn'>Suivant <\/a> <a href='https:\/\/menorcasa.com\/fr\/wp-json\/wp\/v2\/pages\/149269\/page\/9\/' class='real-btn'>Derni\u00e8re <\/a> <\/div><\/div>        <\/div>\n    <\/div>\n<\/div>\n<!-- \/.rh_prop_card -->\n        <\/section>\n\t\t\t\t\t\t<\/div>\n\t\t\t\t<\/div>\n\t\t\t\t\t<\/div>\n\t\t<\/div>\n\t\t\t\t\t<\/div>\n\t\t<\/section>\n\t\t\t\t<section class=\"elementor-section elementor-top-section elementor-element elementor-element-5ccd721c elementor-section-boxed elementor-section-height-default elementor-section-height-default\" data-id=\"5ccd721c\" data-element_type=\"section\">\n\t\t\t\t\t\t<div class=\"elementor-container elementor-column-gap-default\">\n\t\t\t\t\t<div class=\"elementor-column elementor-col-100 elementor-top-column elementor-element elementor-element-22bc1917\" data-id=\"22bc1917\" data-element_type=\"column\">\n\t\t\t<div class=\"elementor-widget-wrap elementor-element-populated\">\n\t\t\t\t\t\t<div class=\"elementor-element elementor-element-2c090732 elementor-align-center elementor-widget elementor-widget-button\" data-id=\"2c090732\" data-element_type=\"widget\" data-widget_type=\"button.default\">\n\t\t\t\t<div class=\"elementor-widget-container\">\n\t\t\t\t\t\t\t\t\t<div class=\"elementor-button-wrapper\">\n\t\t\t\t\t<a class=\"elementor-button elementor-button-link elementor-size-sm\" href=\"https:\/\/menorcasa.com\/fr\/property-search\/\">\n\t\t\t\t\t\t<span class=\"elementor-button-content-wrapper\">\n\t\t\t\t\t\t<span class=\"elementor-button-icon\">\n\t\t\t\t<i aria-hidden=\"true\" class=\"fas fa-search\"><\/i>\t\t\t<\/span>\n\t\t\t\t\t\t\t\t\t<span class=\"elementor-button-text\">Rechercher d'autres propri\u00e9t\u00e9s<\/span>\n\t\t\t\t\t<\/span>\n\t\t\t\t\t<\/a>\n\t\t\t\t<\/div>\n\t\t\t\t\t\t\t\t<\/div>\n\t\t\t\t<\/div>\n\t\t\t\t\t<\/div>\n\t\t<\/div>\n\t\t\t\t\t<\/div>\n\t\t<\/section>\n\t\t\t\t<section class=\"elementor-section elementor-top-section elementor-element elementor-element-9336432 elementor-section-boxed elementor-section-height-default elementor-section-height-default\" data-id=\"9336432\" data-element_type=\"section\">\n\t\t\t\t\t\t<div class=\"elementor-container elementor-column-gap-default\">\n\t\t\t\t\t<div class=\"elementor-column elementor-col-100 elementor-top-column elementor-element elementor-element-98e56bf\" data-id=\"98e56bf\" data-element_type=\"column\">\n\t\t\t<div class=\"elementor-widget-wrap elementor-element-populated\">\n\t\t\t\t\t\t<div class=\"elementor-element elementor-element-5364e0a elementor-widget elementor-widget-text-editor\" data-id=\"5364e0a\" data-element_type=\"widget\" data-widget_type=\"text-editor.default\">\n\t\t\t\t<div class=\"elementor-widget-container\">\n\t\t\t\t\t\t\t\t\t<p data-start=\"80\" data-end=\"487\">D\u00e9couvrez notre s\u00e9lection exclusive de <strong data-start=\"119\" data-end=\"163\">villas \u00e0 vendre \u00e0 Minorque avec terrasse<\/strong>, id\u00e9ales pour ceux qui recherchent une maison alliant luxe, confort et harmonie avec la nature. Chez <strong data-start=\"265\" data-end=\"278\">Menorcasa<\/strong>, nous proposons des propri\u00e9t\u00e9s exceptionnelles dans les endroits les plus pris\u00e9s de l&rsquo;\u00eele, allant des villas en bord de mer aux charmantes maisons de campagne avec terrasses spacieuses et vues panoramiques.<\/p>\n<h2 data-start=\"489\" data-end=\"556\"><strong data-start=\"492\" data-end=\"554\">Les avantages d&rsquo;acheter une villa avec terrasse \u00e0 Minorque<\/strong><\/h2>\n<p data-start=\"558\" data-end=\"786\">Poss\u00e9der une villa avec terrasse \u00e0 Minorque, c\u2019est non seulement profiter d\u2019un cadre de vie privil\u00e9gi\u00e9, mais aussi r\u00e9aliser un investissement de grande valeur sur le march\u00e9 immobilier de l\u2019\u00eele. Parmi les principaux avantages :<\/p>\n<ul data-start=\"788\" data-end=\"1443\">\n<li data-start=\"788\" data-end=\"946\"><strong data-start=\"790\" data-end=\"814\">Des vues imprenables<\/strong> : Admirez le lever du soleil sur la M\u00e9diterran\u00e9e ou profitez de couchers de soleil spectaculaires dans un cadre naturel paisible.<\/li>\n<li data-start=\"947\" data-end=\"1124\"><strong data-start=\"949\" data-end=\"1004\">Des espaces parfaits pour la d\u00e9tente et les loisirs<\/strong> : De vastes terrasses id\u00e9ales pour des repas en plein air, des moments de convivialit\u00e9 ou simplement pour se relaxer.<\/li>\n<li data-start=\"1125\" data-end=\"1277\"><strong data-start=\"1127\" data-end=\"1174\">Une luminosit\u00e9 et une ventilation optimales<\/strong> : Une connexion fluide entre l&rsquo;int\u00e9rieur et l&rsquo;ext\u00e9rieur pour une sensation d&rsquo;espace et de fra\u00eecheur.<\/li>\n<li data-start=\"1278\" data-end=\"1443\"><strong data-start=\"1280\" data-end=\"1325\">Une valeur ajout\u00e9e \u00e0 votre investissement<\/strong> : Les villas avec terrasse sont tr\u00e8s recherch\u00e9es \u00e0 Minorque, ce qui en fait une excellente opportunit\u00e9 immobili\u00e8re.<\/li>\n<\/ul>\n<h2 data-start=\"1445\" data-end=\"1494\"><strong data-start=\"1448\" data-end=\"1492\">Types de villas avec terrasse \u00e0 Minorque<\/strong><\/h2>\n<p data-start=\"1496\" data-end=\"1630\">Chez <strong data-start=\"1501\" data-end=\"1514\">Menorcasa<\/strong>, nous disposons d\u2019un large \u00e9ventail de villas avec terrasses adapt\u00e9es \u00e0 diff\u00e9rents styles de vie et pr\u00e9f\u00e9rences :<\/p>\n<ul data-start=\"1632\" data-end=\"2204\">\n<li data-start=\"1632\" data-end=\"1780\"><strong data-start=\"1634\" data-end=\"1687\"><a href=\"https:\/\/menorcasa.com\/fr\/proprietes-avec-vue-sur-la-mer\/\">Villas en bord de mer<\/a> avec terrasses panoramiques<\/strong> : Parfaites pour profiter du bruit apaisant des vagues et d\u2019une vue imprenable sur la mer.<\/li>\n<li data-start=\"1781\" data-end=\"1923\"><strong data-start=\"1783\" data-end=\"1835\">Maisons traditionnelles avec terrasses rustiques<\/strong> : Espaces authentiques avec pergolas, mobilier en bois et v\u00e9g\u00e9tation m\u00e9diterran\u00e9enne.<\/li>\n<li data-start=\"1924\" data-end=\"2065\"><strong data-start=\"1926\" data-end=\"1970\">Villas modernes avec terrasses chill-out<\/strong> : Designs contemporains avec des espaces de d\u00e9tente \u00e9l\u00e9gants et des finitions haut de gamme.<\/li>\n<li data-start=\"2066\" data-end=\"2204\"><strong data-start=\"2068\" data-end=\"2120\"><a href=\"https:\/\/menorcasa.com\/fr\/country-houses\/\">Fincas rurales<\/a> avec grandes terrasses et jardins<\/strong> : Id\u00e9ales pour ceux qui recherchent la tranquillit\u00e9 et le contact avec la nature.<\/li>\n<\/ul>\n<h2 data-start=\"2206\" data-end=\"2281\"><strong data-start=\"2209\" data-end=\"2279\">Les meilleurs emplacements pour une villa avec terrasse \u00e0 Minorque<\/strong><\/h2>\n<p data-start=\"2283\" data-end=\"2447\">Nous s\u00e9lectionnons avec soin des villas situ\u00e9es dans les zones les plus exclusives de Minorque, garantissant un cadre privil\u00e9gi\u00e9 et une excellente accessibilit\u00e9 :<\/p>\n<ul data-start=\"2449\" data-end=\"2813\">\n<li data-start=\"2449\" data-end=\"2546\"><strong data-start=\"2451\" data-end=\"2474\"><a href=\"https:\/\/menorcasa.com\/fr\/mao\/\">Mah\u00f3n<\/a> et Ciutadella<\/strong> : Villes dynamiques offrant histoire, culture et commodit\u00e9s modernes.<\/li>\n<li data-start=\"2547\" data-end=\"2676\"><strong data-start=\"2549\" data-end=\"2585\"><a href=\"https:\/\/menorcasa.com\/fr\/property-city\/binibeca-fr\/\">Binibeca<\/a>, <a href=\"https:\/\/menorcasa.com\/fr\/property-city\/son-bou-fr\/\">Son Bou<\/a> et Cala Morell<\/strong> : Destinations c\u00f4ti\u00e8res offrant des vues imprenables et un acc\u00e8s aux plus belles plages.<\/li>\n<li data-start=\"2677\" data-end=\"2813\"><strong data-start=\"2679\" data-end=\"2715\"><a href=\"https:\/\/menorcasa.com\/fr\/alaior\/\">Alaior<\/a>, <a href=\"https:\/\/menorcasa.com\/fr\/es-castell\/\">Es Castell<\/a> et <a href=\"https:\/\/menorcasa.com\/fr\/sant-lluis\/\">Sant Llu\u00eds<\/a><\/strong> : Environnements paisibles et authentiques, parfaits pour un \u00e9quilibre entre nature et confort.<\/li>\n<\/ul>\n<h2 data-start=\"2815\" data-end=\"2883\"><strong data-start=\"2818\" data-end=\"2881\">Trouvez votre villa avec terrasse \u00e0 Minorque avec Menorcasa<\/strong><\/h2>\n<p data-start=\"2885\" data-end=\"3220\">Si vous recherchez une <strong data-start=\"2908\" data-end=\"2942\">villa avec terrasse \u00e0 Minorque<\/strong>, notre \u00e9quipe d&rsquo;experts vous accompagne \u00e0 chaque \u00e9tape pour vous aider \u00e0 trouver la propri\u00e9t\u00e9 id\u00e9ale. Chez <strong data-start=\"3050\" data-end=\"3063\">Menorcasa<\/strong>, nous combinons expertise, connaissance approfondie du march\u00e9 et service personnalis\u00e9 pour vous offrir les meilleures opportunit\u00e9s immobili\u00e8res sur l\u2019\u00eele.<\/p>\n\t\t\t\t\t\t\t\t<\/div>\n\t\t\t\t<\/div>\n\t\t\t\t\t<\/div>\n\t\t<\/div>\n\t\t\t\t\t<\/div>\n\t\t<\/section>\n\t\t\t\t<\/div>\n\t\t","protected":false},"excerpt":{"rendered":"<p>Villas \u00e0 vendre \u00e0 Minorque avec terrasse Voir la Propri\u00e9t\u00e9 Stunning detached villa in Binixica, Mahon SPACIOUS PROPERTY WTH GUEST ANNEX &nbsp; Ver esta publicaci\u00f3n en&hellip; Chambres 7 Zone 958 mts2 SALES 1,975,000\u20ac Voir la Propri\u00e9t\u00e9 Detached villa with port views in Cala Llonga SPACIOUS, SINGLE LEVEL PROPERTY WITH GREAT VIEWS Located in the&hellip; Chambres&#8230;<\/p>\n","protected":false},"author":30,"featured_media":0,"parent":113463,"menu_order":0,"comment_status":"closed","ping_status":"closed","template":"elementor_header_footer","meta":{"footnotes":""},"class_list":["post-149269","page","type-page","status-publish","hentry"],"yoast_head":"<!-- This site is optimized with the Yoast SEO Premium plugin v21.4 (Yoast SEO v27.1.1) - https:\/\/yoast.com\/product\/yoast-seo-premium-wordpress\/ -->\n<title>Meilleures Villas avec terrasse Minorque | Minorque<\/title>\n<meta name=\"description\" content=\"D\u00e9couvrez des villas exclusives \u00e0 vendre \u00e0 Minorque avec terrasses. Propri\u00e9t\u00e9s de luxe avec vue sur la mer, espaces spacieux et emplacements.\" \/>\n<meta name=\"robots\" content=\"index, follow, max-snippet:-1, max-image-preview:large, max-video-preview:-1\" \/>\n<link rel=\"canonical\" href=\"https:\/\/menorcasa.com\/fr\/villas\/villas-avec-terrasse\/\" \/>\n<meta property=\"og:locale\" content=\"fr_FR\" \/>\n<meta property=\"og:type\" content=\"article\" \/>\n<meta property=\"og:title\" content=\"Villas avec terrasse\" \/>\n<meta property=\"og:description\" content=\"D\u00e9couvrez des villas exclusives \u00e0 vendre \u00e0 Minorque avec terrasses. Propri\u00e9t\u00e9s de luxe avec vue sur la mer, espaces spacieux et emplacements.\" \/>\n<meta property=\"og:url\" content=\"https:\/\/menorcasa.com\/fr\/villas\/villas-avec-terrasse\/\" \/>\n<meta property=\"og:site_name\" content=\"Menorcasa\" \/>\n<meta property=\"article:publisher\" content=\"https:\/\/www.facebook.com\/propertiesforsalemenorcasa\/\" \/>\n<meta property=\"article:modified_time\" content=\"2025-03-13T13:10:54+00:00\" \/>\n<meta property=\"og:image\" content=\"https:\/\/menorcasa.com\/wp-content\/uploads\/2023\/04\/Binixica-26-488x326.jpg\" \/>\n<meta name=\"twitter:card\" content=\"summary_large_image\" \/>\n<meta name=\"twitter:label1\" content=\"Dur\u00e9e de lecture estim\u00e9e\" \/>\n\t<meta name=\"twitter:data1\" content=\"3 minutes\" \/>\n<script type=\"application\/ld+json\" class=\"yoast-schema-graph\">{\"@context\":\"https:\/\/schema.org\",\"@graph\":[{\"@type\":\"WebPage\",\"@id\":\"https:\/\/menorcasa.com\/fr\/villas\/villas-avec-terrasse\/\",\"url\":\"https:\/\/menorcasa.com\/fr\/villas\/villas-avec-terrasse\/\",\"name\":\"Meilleures Villas avec terrasse Minorque | Minorque\",\"isPartOf\":{\"@id\":\"https:\/\/menorcasa.com\/fr\/#website\"},\"primaryImageOfPage\":{\"@id\":\"https:\/\/menorcasa.com\/fr\/villas\/villas-avec-terrasse\/#primaryimage\"},\"image\":{\"@id\":\"https:\/\/menorcasa.com\/fr\/villas\/villas-avec-terrasse\/#primaryimage\"},\"thumbnailUrl\":\"https:\/\/menorcasa.com\/wp-content\/uploads\/2023\/04\/Binixica-26-488x326.jpg\",\"datePublished\":\"2025-03-13T08:13:13+00:00\",\"dateModified\":\"2025-03-13T13:10:54+00:00\",\"description\":\"D\u00e9couvrez des villas exclusives \u00e0 vendre \u00e0 Minorque avec terrasses. Propri\u00e9t\u00e9s de luxe avec vue sur la mer, espaces spacieux et emplacements.\",\"breadcrumb\":{\"@id\":\"https:\/\/menorcasa.com\/fr\/villas\/villas-avec-terrasse\/#breadcrumb\"},\"inLanguage\":\"fr-FR\",\"potentialAction\":[{\"@type\":\"ReadAction\",\"target\":[\"https:\/\/menorcasa.com\/fr\/villas\/villas-avec-terrasse\/\"]}]},{\"@type\":\"ImageObject\",\"inLanguage\":\"fr-FR\",\"@id\":\"https:\/\/menorcasa.com\/fr\/villas\/villas-avec-terrasse\/#primaryimage\",\"url\":\"https:\/\/menorcasa.com\/wp-content\/uploads\/2023\/04\/Binixica-26-488x326.jpg\",\"contentUrl\":\"https:\/\/menorcasa.com\/wp-content\/uploads\/2023\/04\/Binixica-26-488x326.jpg\"},{\"@type\":\"BreadcrumbList\",\"@id\":\"https:\/\/menorcasa.com\/fr\/villas\/villas-avec-terrasse\/#breadcrumb\",\"itemListElement\":[{\"@type\":\"ListItem\",\"position\":1,\"name\":\"Immobilier \u00e0 Minorque\",\"item\":\"https:\/\/menorcasa.com\/fr\/\"},{\"@type\":\"ListItem\",\"position\":2,\"name\":\"Villas\",\"item\":\"https:\/\/menorcasa.com\/fr\/villas\/\"},{\"@type\":\"ListItem\",\"position\":3,\"name\":\"Villas avec terrasse\"}]},{\"@type\":\"WebSite\",\"@id\":\"https:\/\/menorcasa.com\/fr\/#website\",\"url\":\"https:\/\/menorcasa.com\/fr\/\",\"name\":\"Menorcasa\",\"description\":\"propri\u00e9t\u00e9s \u00e0 vendre \u00e0 Minorque : villas, appartements, maisons et plus\",\"publisher\":{\"@id\":\"https:\/\/menorcasa.com\/fr\/#organization\"},\"potentialAction\":[{\"@type\":\"SearchAction\",\"target\":{\"@type\":\"EntryPoint\",\"urlTemplate\":\"https:\/\/menorcasa.com\/fr\/?s={search_term_string}\"},\"query-input\":{\"@type\":\"PropertyValueSpecification\",\"valueRequired\":true,\"valueName\":\"search_term_string\"}}],\"inLanguage\":\"fr-FR\"},{\"@type\":\"Organization\",\"@id\":\"https:\/\/menorcasa.com\/fr\/#organization\",\"name\":\"Menorcasa\",\"url\":\"https:\/\/menorcasa.com\/fr\/\",\"logo\":{\"@type\":\"ImageObject\",\"inLanguage\":\"fr-FR\",\"@id\":\"https:\/\/menorcasa.com\/fr\/#\/schema\/logo\/image\/\",\"url\":\"\",\"contentUrl\":\"\",\"caption\":\"Menorcasa\"},\"image\":{\"@id\":\"https:\/\/menorcasa.com\/fr\/#\/schema\/logo\/image\/\"},\"sameAs\":[\"https:\/\/www.facebook.com\/propertiesforsalemenorcasa\/\",\"https:\/\/www.instagram.com\/menorcasaproperties\/\"]}]}<\/script>\n<!-- \/ Yoast SEO Premium plugin. -->","yoast_head_json":{"title":"Meilleures Villas avec terrasse Minorque | Minorque","description":"D\u00e9couvrez des villas exclusives \u00e0 vendre \u00e0 Minorque avec terrasses. Propri\u00e9t\u00e9s de luxe avec vue sur la mer, espaces spacieux et emplacements.","robots":{"index":"index","follow":"follow","max-snippet":"max-snippet:-1","max-image-preview":"max-image-preview:large","max-video-preview":"max-video-preview:-1"},"canonical":"https:\/\/menorcasa.com\/fr\/villas\/villas-avec-terrasse\/","og_locale":"fr_FR","og_type":"article","og_title":"Villas avec terrasse","og_description":"D\u00e9couvrez des villas exclusives \u00e0 vendre \u00e0 Minorque avec terrasses. Propri\u00e9t\u00e9s de luxe avec vue sur la mer, espaces spacieux et emplacements.","og_url":"https:\/\/menorcasa.com\/fr\/villas\/villas-avec-terrasse\/","og_site_name":"Menorcasa","article_publisher":"https:\/\/www.facebook.com\/propertiesforsalemenorcasa\/","article_modified_time":"2025-03-13T13:10:54+00:00","og_image":[{"url":"https:\/\/menorcasa.com\/wp-content\/uploads\/2023\/04\/Binixica-26-488x326.jpg","type":"","width":"","height":""}],"twitter_card":"summary_large_image","twitter_misc":{"Dur\u00e9e de lecture estim\u00e9e":"3 minutes"},"schema":{"@context":"https:\/\/schema.org","@graph":[{"@type":"WebPage","@id":"https:\/\/menorcasa.com\/fr\/villas\/villas-avec-terrasse\/","url":"https:\/\/menorcasa.com\/fr\/villas\/villas-avec-terrasse\/","name":"Meilleures Villas avec terrasse Minorque | Minorque","isPartOf":{"@id":"https:\/\/menorcasa.com\/fr\/#website"},"primaryImageOfPage":{"@id":"https:\/\/menorcasa.com\/fr\/villas\/villas-avec-terrasse\/#primaryimage"},"image":{"@id":"https:\/\/menorcasa.com\/fr\/villas\/villas-avec-terrasse\/#primaryimage"},"thumbnailUrl":"https:\/\/menorcasa.com\/wp-content\/uploads\/2023\/04\/Binixica-26-488x326.jpg","datePublished":"2025-03-13T08:13:13+00:00","dateModified":"2025-03-13T13:10:54+00:00","description":"D\u00e9couvrez des villas exclusives \u00e0 vendre \u00e0 Minorque avec terrasses. Propri\u00e9t\u00e9s de luxe avec vue sur la mer, espaces spacieux et emplacements.","breadcrumb":{"@id":"https:\/\/menorcasa.com\/fr\/villas\/villas-avec-terrasse\/#breadcrumb"},"inLanguage":"fr-FR","potentialAction":[{"@type":"ReadAction","target":["https:\/\/menorcasa.com\/fr\/villas\/villas-avec-terrasse\/"]}]},{"@type":"ImageObject","inLanguage":"fr-FR","@id":"https:\/\/menorcasa.com\/fr\/villas\/villas-avec-terrasse\/#primaryimage","url":"https:\/\/menorcasa.com\/wp-content\/uploads\/2023\/04\/Binixica-26-488x326.jpg","contentUrl":"https:\/\/menorcasa.com\/wp-content\/uploads\/2023\/04\/Binixica-26-488x326.jpg"},{"@type":"BreadcrumbList","@id":"https:\/\/menorcasa.com\/fr\/villas\/villas-avec-terrasse\/#breadcrumb","itemListElement":[{"@type":"ListItem","position":1,"name":"Immobilier \u00e0 Minorque","item":"https:\/\/menorcasa.com\/fr\/"},{"@type":"ListItem","position":2,"name":"Villas","item":"https:\/\/menorcasa.com\/fr\/villas\/"},{"@type":"ListItem","position":3,"name":"Villas avec terrasse"}]},{"@type":"WebSite","@id":"https:\/\/menorcasa.com\/fr\/#website","url":"https:\/\/menorcasa.com\/fr\/","name":"Menorcasa","description":"propri\u00e9t\u00e9s \u00e0 vendre \u00e0 Minorque : villas, appartements, maisons et plus","publisher":{"@id":"https:\/\/menorcasa.com\/fr\/#organization"},"potentialAction":[{"@type":"SearchAction","target":{"@type":"EntryPoint","urlTemplate":"https:\/\/menorcasa.com\/fr\/?s={search_term_string}"},"query-input":{"@type":"PropertyValueSpecification","valueRequired":true,"valueName":"search_term_string"}}],"inLanguage":"fr-FR"},{"@type":"Organization","@id":"https:\/\/menorcasa.com\/fr\/#organization","name":"Menorcasa","url":"https:\/\/menorcasa.com\/fr\/","logo":{"@type":"ImageObject","inLanguage":"fr-FR","@id":"https:\/\/menorcasa.com\/fr\/#\/schema\/logo\/image\/","url":"","contentUrl":"","caption":"Menorcasa"},"image":{"@id":"https:\/\/menorcasa.com\/fr\/#\/schema\/logo\/image\/"},"sameAs":["https:\/\/www.facebook.com\/propertiesforsalemenorcasa\/","https:\/\/www.instagram.com\/menorcasaproperties\/"]}]}},"_links":{"self":[{"href":"https:\/\/menorcasa.com\/fr\/wp-json\/wp\/v2\/pages\/149269","targetHints":{"allow":["GET"]}}],"collection":[{"href":"https:\/\/menorcasa.com\/fr\/wp-json\/wp\/v2\/pages"}],"about":[{"href":"https:\/\/menorcasa.com\/fr\/wp-json\/wp\/v2\/types\/page"}],"author":[{"embeddable":true,"href":"https:\/\/menorcasa.com\/fr\/wp-json\/wp\/v2\/users\/30"}],"replies":[{"embeddable":true,"href":"https:\/\/menorcasa.com\/fr\/wp-json\/wp\/v2\/comments?post=149269"}],"version-history":[{"count":0,"href":"https:\/\/menorcasa.com\/fr\/wp-json\/wp\/v2\/pages\/149269\/revisions"}],"up":[{"embeddable":true,"href":"https:\/\/menorcasa.com\/fr\/wp-json\/wp\/v2\/pages\/113463"}],"wp:attachment":[{"href":"https:\/\/menorcasa.com\/fr\/wp-json\/wp\/v2\/media?parent=149269"}],"curies":[{"name":"wp","href":"https:\/\/api.w.org\/{rel}","templated":true}]}}